{"id":4053,"date":"2024-07-18T12:21:08","date_gmt":"2024-07-18T10:21:08","guid":{"rendered":"https:\/\/iiccopenaghen.esteri.it\/?page_id=4053"},"modified":"2024-07-18T12:21:08","modified_gmt":"2024-07-18T10:21:08","slug":"archivio-eventi","status":"publish","type":"page","link":"https:\/\/iiccopenaghen.esteri.it\/it\/gli_eventi\/archivio-eventi\/","title":{"rendered":"Archivio eventi"},"content":{"rendered":"        <div class=\"row\">\n\t\t\t<!-- Ricerca sedi post -->\n\t\t\t<div class=\"col-12 mt-4\">\n\t\t\t  <div class=\"callout callout-highlight note ricerca-esteri p-4\">\n                    <div class=\"callout-title\">\n                        <svg class=\"icon\">\n                            <use xlink:href=\"https:\/\/iiccopenaghen.esteri.it\/wp-content\/themes\/sedi-tema\/assets\/svg\/sprites.svg#it-search\"><\/use>\n                        <\/svg>Inserisci i parametri di ricerca                    <\/div>\n                    <form id=\"searchFormPost\" name=\"form-search-post\" class=\"form-row align-items-center\" action=\"https:\/\/iiccopenaghen.esteri.it\/it\/wp-json\/wp\/v2\/pages\/4053\/\" method=\"GET\"> \n                        <!-- <div class=\"form-group pt-5\"> -->\n                            <!-- <input type=\"hidden\" id=\"lang\" name=\"lang\" value=\"\"> --> <!-- <\/div> -->\n\n                        <div class=\"it-datepicker-wrapper\">\n                            <div class=\"row\">\n                                <div class=\"form-group col-md-6\">\n                                    <label class=\"active\" for=\"date-init\">Dal<\/label>\n                                    <input class=\"form-control\" name=\"date-init\" id=\"date-init\" type=\"date\" placeholder=\"gg\/mm\/aaaa\" value=\"\"lang=\"en-EN\">  \n                                <\/div>\n                                <div class=\"form-group col-md-6\">\n                                    <label class=\"active\" for=\"date-end\">Al<\/label>\n                                    <input class=\"form-control\" name=\"date-end\" id=\"date-end\" type=\"date\" placeholder=\"gg\/mm\/aaaa\" value=\"\">\n                                <\/div>\n                            <\/div>\n                        <\/div>\n                        <div class=\"form-group col-md-12 mt-3\">\n                            <label for=\"searchText\">Campo ricerca libera<\/label>\n                            <input type=\"text\" name=\"searchText\" class=\"form-control\" id=\"searchText\" value=\"\">\n                        <\/div>\n                        <div class=\"form-group col-md-4 offset-md-8 text-end\">\n                            <a href=\"https:\/\/iiccopenaghen.esteri.it\/it\/gli_eventi\/archivio-eventi\/\" title=\"Form reset\" id=\"resetImput\" class=\"btn btn-outline-primary btn-xs\">Reset<\/a>\n                            <button type=\"submit\" class=\"btn btn-primary btn-xs\">Mostra risultati<\/button>\n                        <\/div>\n                    <\/form>\n\t\t\t\t<\/div>\n\t\t\t<\/div>\n\t\t<\/div>\n                    \n            <div class=\"row\">\n                            <div class=\"col-12 mt-3\">\n                <!--start card-->\n                <div class=\"card-wrapper card-space\">\n                    <div class=\"card card-bg card-big border-bottom-card\">\n                        <div class=\"card-body row\">\n                                                    <div class=\"col-sm-3\">\n                                <div class=\"img-responsive\">\n                                    <figure class=\"img-wrapper\">\n                                        <a href=\"https:\/\/iiccopenaghen.esteri.it\/it\/gli_eventi\/calendario\/concerto-tosti\/\" title=\"Leggi l'articolo: Concerto: Tosti\">\n                                                                                            <img loading=\"lazy\" decoding=\"async\" width=\"300\" height=\"300\" src=\"https:\/\/iiccopenaghen.esteri.it\/wp-content\/uploads\/2026\/02\/b8816b_c7bd474084044547abca65cb81f8668amv2-300x300.png\" srcset=\"https:\/\/iiccopenaghen.esteri.it\/wp-content\/uploads\/2026\/02\/b8816b_c7bd474084044547abca65cb81f8668amv2.png 844w, https:\/\/iiccopenaghen.esteri.it\/wp-content\/uploads\/2026\/02\/b8816b_c7bd474084044547abca65cb81f8668amv2-300x300.png 300w, https:\/\/iiccopenaghen.esteri.it\/wp-content\/uploads\/2026\/02\/b8816b_c7bd474084044547abca65cb81f8668amv2-150x150.png 150w, https:\/\/iiccopenaghen.esteri.it\/wp-content\/uploads\/2026\/02\/b8816b_c7bd474084044547abca65cb81f8668amv2-768x768.png 768w\" sizes=\"auto, (max-width: 844px) 100vw, 844px\"  title=\"b8816b_c7bd474084044547abca65cb81f8668a~mv2\" alt=\"\" class=\"img-fluid\">\n                                                                                    <\/a>\n                                    <\/figure>\n                                <\/div>\n                            <\/div>\n                            <div class=\"col-sm-9\">\n                                                            <div class=\"category-top\">\n                                    <span class=\"fw-bold text-danger\">Concluso<\/span>                                                                        <span class=\"data\">\n                                        <svg class=\"icon icon-secondary\">\n                                            <use xlink:href=\"https:\/\/iiccopenaghen.esteri.it\/wp-content\/themes\/sedi-tema\/assets\/svg\/sprites.svg#it-calendar\"><\/use>\n                                        <\/svg> Dom 26 Apr 2026                                    <\/span>\n                                                                    <\/div>\n                            <h5 class=\"card-title big-heading text-uppercase\"><a class=\"text-body text-decoration-none\" href=\"https:\/\/iiccopenaghen.esteri.it\/it\/gli_eventi\/calendario\/concerto-tosti\/\" title=\"Concerto: Tosti\">Concerto: Tosti<\/a><\/h5>\n                            <p class=\"card-text\">Concerto organizzato da Operettekompagniet con musiche di Tosti, presentati da Jonathan Koppel, Thomas Peter Koppel, Irene Hasager.<\/p>\n                                <a title=\"Concerto: Tosti\" class=\"read-more\" href=\"https:\/\/iiccopenaghen.esteri.it\/it\/gli_eventi\/calendario\/concerto-tosti\/\">\n                                    <span class=\"text\">Leggi di pi\u00f9<\/span>\n                                    <svg class=\"icon\">\n                                    <use xlink:href=\"https:\/\/iiccopenaghen.esteri.it\/wp-content\/themes\/sedi-tema\/assets\/svg\/sprites.svg#it-arrow-right\"><\/use>\n                                    <\/svg>\n                                <\/a>\n                                                        <\/div>\n                                                    <\/div>\n                    <\/div>\n                <\/div>\n                <!--end card-->\n                <\/div><!-- col-12 .mt-3-->\n                            <div class=\"col-12 mt-3\">\n                <!--start card-->\n                <div class=\"card-wrapper card-space\">\n                    <div class=\"card card-bg card-big border-bottom-card\">\n                        <div class=\"card-body row\">\n                                                    <div class=\"col-sm-3\">\n                                <div class=\"img-responsive\">\n                                    <figure class=\"img-wrapper\">\n                                        <a href=\"https:\/\/iiccopenaghen.esteri.it\/it\/gli_eventi\/calendario\/italian-research-day-in-denmark-2026\/\" title=\"Leggi l'articolo: ITALIAN RESEARCH DAY IN DENMARK 2026\">\n                                                                                            <img loading=\"lazy\" decoding=\"async\" width=\"240\" height=\"300\" src=\"https:\/\/iiccopenaghen.esteri.it\/wp-content\/uploads\/2026\/03\/AI-Resilience-and-Digital-Sovereignty-3-1-240x300.png\" srcset=\"https:\/\/iiccopenaghen.esteri.it\/wp-content\/uploads\/2026\/03\/AI-Resilience-and-Digital-Sovereignty-3-1.png 1080w, https:\/\/iiccopenaghen.esteri.it\/wp-content\/uploads\/2026\/03\/AI-Resilience-and-Digital-Sovereignty-3-1-240x300.png 240w, https:\/\/iiccopenaghen.esteri.it\/wp-content\/uploads\/2026\/03\/AI-Resilience-and-Digital-Sovereignty-3-1-819x1024.png 819w, https:\/\/iiccopenaghen.esteri.it\/wp-content\/uploads\/2026\/03\/AI-Resilience-and-Digital-Sovereignty-3-1-768x960.png 768w\" sizes=\"auto, (max-width: 1080px) 100vw, 1080px\"  title=\"AI, Resilience and Digital Sovereignty (3)\" alt=\"\" class=\"img-fluid\">\n                                                                                    <\/a>\n                                    <\/figure>\n                                <\/div>\n                            <\/div>\n                            <div class=\"col-sm-9\">\n                                                            <div class=\"category-top\">\n                                    <span class=\"fw-bold text-danger\">Concluso<\/span>                                                                        <span class=\"data\">\n                                        <svg class=\"icon icon-secondary\">\n                                            <use xlink:href=\"https:\/\/iiccopenaghen.esteri.it\/wp-content\/themes\/sedi-tema\/assets\/svg\/sprites.svg#it-calendar\"><\/use>\n                                        <\/svg> Mer 22 Apr 2026                                    <\/span>\n                                                                    <\/div>\n                            <h5 class=\"card-title big-heading text-uppercase\"><a class=\"text-body text-decoration-none\" href=\"https:\/\/iiccopenaghen.esteri.it\/it\/gli_eventi\/calendario\/italian-research-day-in-denmark-2026\/\" title=\"ITALIAN RESEARCH DAY IN DENMARK 2026\">ITALIAN RESEARCH DAY IN DENMARK 2026<\/a><\/h5>\n                            <p class=\"card-text\">Italian Research Day in the World is an annual initiative of the Italian Ministry of Foreign Affairs and International Cooperation to showcase the contribution of Italian research abroad and strengthen international partnerships.<\/p>\n                                <a title=\"ITALIAN RESEARCH DAY IN DENMARK 2026\" class=\"read-more\" href=\"https:\/\/iiccopenaghen.esteri.it\/it\/gli_eventi\/calendario\/italian-research-day-in-denmark-2026\/\">\n                                    <span class=\"text\">Leggi di pi\u00f9<\/span>\n                                    <svg class=\"icon\">\n                                    <use xlink:href=\"https:\/\/iiccopenaghen.esteri.it\/wp-content\/themes\/sedi-tema\/assets\/svg\/sprites.svg#it-arrow-right\"><\/use>\n                                    <\/svg>\n                                <\/a>\n                                                        <\/div>\n                                                    <\/div>\n                    <\/div>\n                <\/div>\n                <!--end card-->\n                <\/div><!-- col-12 .mt-3-->\n                            <div class=\"col-12 mt-3\">\n                <!--start card-->\n                <div class=\"card-wrapper card-space\">\n                    <div class=\"card card-bg card-big border-bottom-card\">\n                        <div class=\"card-body row\">\n                                                    <div class=\"col-sm-3\">\n                                <div class=\"img-responsive\">\n                                    <figure class=\"img-wrapper\">\n                                        <a href=\"https:\/\/iiccopenaghen.esteri.it\/it\/gli_eventi\/calendario\/melania-g-mazzucco-a-copenaghen\/\" title=\"Leggi l'articolo: Melania G. Mazzucco a Copenaghen\">\n                                                                                            <img loading=\"lazy\" decoding=\"async\" width=\"300\" height=\"193\" src=\"https:\/\/iiccopenaghen.esteri.it\/wp-content\/uploads\/2026\/04\/800x514-px-x-event.it-6-300x193.png\" srcset=\"https:\/\/iiccopenaghen.esteri.it\/wp-content\/uploads\/2026\/04\/800x514-px-x-event.it-6.png 800w, https:\/\/iiccopenaghen.esteri.it\/wp-content\/uploads\/2026\/04\/800x514-px-x-event.it-6-300x193.png 300w, https:\/\/iiccopenaghen.esteri.it\/wp-content\/uploads\/2026\/04\/800x514-px-x-event.it-6-768x493.png 768w\" sizes=\"auto, (max-width: 800px) 100vw, 800px\"  title=\"800&#215;514 px x event.it (6)\" alt=\"\" class=\"img-fluid\">\n                                                                                    <\/a>\n                                    <\/figure>\n                                <\/div>\n                            <\/div>\n                            <div class=\"col-sm-9\">\n                                                            <div class=\"category-top\">\n                                    <span class=\"fw-bold text-danger\">Concluso<\/span>                                                                        <span class=\"data\">\n                                        <svg class=\"icon icon-secondary\">\n                                            <use xlink:href=\"https:\/\/iiccopenaghen.esteri.it\/wp-content\/themes\/sedi-tema\/assets\/svg\/sprites.svg#it-calendar\"><\/use>\n                                        <\/svg> Mar 21 Apr 2026                                    <\/span>\n                                                                    <\/div>\n                            <h5 class=\"card-title big-heading text-uppercase\"><a class=\"text-body text-decoration-none\" href=\"https:\/\/iiccopenaghen.esteri.it\/it\/gli_eventi\/calendario\/melania-g-mazzucco-a-copenaghen\/\" title=\"Melania G. Mazzucco a Copenaghen\">Melania G. Mazzucco a Copenaghen<\/a><\/h5>\n                            <p class=\"card-text\">Scrittrice Melania G. Mazzucco sar\u00e0 ospite a Copenaghen a due eventi, uno all&#039;Istituto Italiano di Cultura marted\u00ec 21 aprile, e uno all&#039;universit\u00e0 di Copenaghen mercoled\u00ec 22 aprile, per parlare tra l&#039;altro del romanzo  L&#039;Architettrice, da poco uscito in traduzione danese.<\/p>\n                                <a title=\"Melania G. Mazzucco a Copenaghen\" class=\"read-more\" href=\"https:\/\/iiccopenaghen.esteri.it\/it\/gli_eventi\/calendario\/melania-g-mazzucco-a-copenaghen\/\">\n                                    <span class=\"text\">Leggi di pi\u00f9<\/span>\n                                    <svg class=\"icon\">\n                                    <use xlink:href=\"https:\/\/iiccopenaghen.esteri.it\/wp-content\/themes\/sedi-tema\/assets\/svg\/sprites.svg#it-arrow-right\"><\/use>\n                                    <\/svg>\n                                <\/a>\n                                                        <\/div>\n                                                    <\/div>\n                    <\/div>\n                <\/div>\n                <!--end card-->\n                <\/div><!-- col-12 .mt-3-->\n                            <div class=\"col-12 mt-3\">\n                <!--start card-->\n                <div class=\"card-wrapper card-space\">\n                    <div class=\"card card-bg card-big border-bottom-card\">\n                        <div class=\"card-body row\">\n                                                    <div class=\"col-sm-3\">\n                                <div class=\"img-responsive\">\n                                    <figure class=\"img-wrapper\">\n                                        <a href=\"https:\/\/iiccopenaghen.esteri.it\/it\/gli_eventi\/calendario\/simone-massi-a-cinemateket\/\" title=\"Leggi l'articolo: Simone Massi a Cinemateket\">\n                                                                                            <img loading=\"lazy\" decoding=\"async\" width=\"300\" height=\"160\" src=\"https:\/\/iiccopenaghen.esteri.it\/wp-content\/uploads\/2026\/03\/Nowhere-5-300x160.jpg\" srcset=\"https:\/\/iiccopenaghen.esteri.it\/wp-content\/uploads\/2026\/03\/Nowhere-5.jpg 1920w, https:\/\/iiccopenaghen.esteri.it\/wp-content\/uploads\/2026\/03\/Nowhere-5-300x160.jpg 300w, https:\/\/iiccopenaghen.esteri.it\/wp-content\/uploads\/2026\/03\/Nowhere-5-1024x548.jpg 1024w, https:\/\/iiccopenaghen.esteri.it\/wp-content\/uploads\/2026\/03\/Nowhere-5-768x411.jpg 768w\" sizes=\"auto, (max-width: 1920px) 100vw, 1920px\"  title=\"Nowhere 5\" alt=\"\" class=\"img-fluid\">\n                                                                                    <\/a>\n                                    <\/figure>\n                                <\/div>\n                            <\/div>\n                            <div class=\"col-sm-9\">\n                                                            <div class=\"category-top\">\n                                    <span class=\"fw-bold text-danger\">Concluso<\/span>                                                                        <span class=\"data\">\n                                        <svg class=\"icon icon-secondary\">\n                                            <use xlink:href=\"https:\/\/iiccopenaghen.esteri.it\/wp-content\/themes\/sedi-tema\/assets\/svg\/sprites.svg#it-calendar\"><\/use>\n                                        <\/svg> Sab 11 Apr 2026<svg class=\"icon icon-xs icon-secondary me-1 ms-1\"><use href=\"https:\/\/iiccopenaghen.esteri.it\/wp-content\/themes\/sedi-tema\/assets\/svg\/sprites.svg#it-arrow-right\"><\/use><\/svg>Dom 12 Apr 2026                                    <\/span>\n                                                                    <\/div>\n                            <h5 class=\"card-title big-heading text-uppercase\"><a class=\"text-body text-decoration-none\" href=\"https:\/\/iiccopenaghen.esteri.it\/it\/gli_eventi\/calendario\/simone-massi-a-cinemateket\/\" title=\"Simone Massi a Cinemateket\">Simone Massi a Cinemateket<\/a><\/h5>\n                            <p class=\"card-text\">L&#039;Istituto Italiano di Cultura a Copenaghen e Cinemateket invitano a un incontro con Simone Massi, animatore italiano ancora poco conosciuto in Danimarca, ma profondamente originale, i cui cortometraggi d&#039;animazione hanno vinto oltre 200 premi in cinque continenti.<\/p>\n                                <a title=\"Simone Massi a Cinemateket\" class=\"read-more\" href=\"https:\/\/iiccopenaghen.esteri.it\/it\/gli_eventi\/calendario\/simone-massi-a-cinemateket\/\">\n                                    <span class=\"text\">Leggi di pi\u00f9<\/span>\n                                    <svg class=\"icon\">\n                                    <use xlink:href=\"https:\/\/iiccopenaghen.esteri.it\/wp-content\/themes\/sedi-tema\/assets\/svg\/sprites.svg#it-arrow-right\"><\/use>\n                                    <\/svg>\n                                <\/a>\n                                                        <\/div>\n                                                    <\/div>\n                    <\/div>\n                <\/div>\n                <!--end card-->\n                <\/div><!-- col-12 .mt-3-->\n                            <div class=\"col-12 mt-3\">\n                <!--start card-->\n                <div class=\"card-wrapper card-space\">\n                    <div class=\"card card-bg card-big border-bottom-card\">\n                        <div class=\"card-body row\">\n                                                    <div class=\"col-sm-3\">\n                                <div class=\"img-responsive\">\n                                    <figure class=\"img-wrapper\">\n                                        <a href=\"https:\/\/iiccopenaghen.esteri.it\/it\/gli_eventi\/calendario\/selected-topics-on-danish-taxation-and-social-security\/\" title=\"Leggi l'articolo: ARSID Topical Seminar: Danish Taxation and Social Security\">\n                                                                                            <img loading=\"lazy\" decoding=\"async\" width=\"300\" height=\"157\" src=\"https:\/\/iiccopenaghen.esteri.it\/wp-content\/uploads\/2026\/02\/Progetto-senza-titolo-11-300x157.png\" srcset=\"https:\/\/iiccopenaghen.esteri.it\/wp-content\/uploads\/2026\/02\/Progetto-senza-titolo-11.png 1200w, https:\/\/iiccopenaghen.esteri.it\/wp-content\/uploads\/2026\/02\/Progetto-senza-titolo-11-300x157.png 300w, https:\/\/iiccopenaghen.esteri.it\/wp-content\/uploads\/2026\/02\/Progetto-senza-titolo-11-1024x536.png 1024w, https:\/\/iiccopenaghen.esteri.it\/wp-content\/uploads\/2026\/02\/Progetto-senza-titolo-11-768x402.png 768w\" sizes=\"auto, (max-width: 1200px) 100vw, 1200px\"  title=\"Progetto senza titolo (11)\" alt=\"\" class=\"img-fluid\">\n                                                                                    <\/a>\n                                    <\/figure>\n                                <\/div>\n                            <\/div>\n                            <div class=\"col-sm-9\">\n                                                            <div class=\"category-top\">\n                                    <span class=\"fw-bold text-danger\">Concluso<\/span>                                                                        <span class=\"data\">\n                                        <svg class=\"icon icon-secondary\">\n                                            <use xlink:href=\"https:\/\/iiccopenaghen.esteri.it\/wp-content\/themes\/sedi-tema\/assets\/svg\/sprites.svg#it-calendar\"><\/use>\n                                        <\/svg> Mer 25 Mar 2026                                    <\/span>\n                                                                    <\/div>\n                            <h5 class=\"card-title big-heading text-uppercase\"><a class=\"text-body text-decoration-none\" href=\"https:\/\/iiccopenaghen.esteri.it\/it\/gli_eventi\/calendario\/selected-topics-on-danish-taxation-and-social-security\/\" title=\"ARSID Topical Seminar: Danish Taxation and Social Security\">ARSID Topical Seminar: Danish Taxation and Social Security<\/a><\/h5>\n                            <p class=\"card-text\">Through a series of expert presentations, participants will receive practical guidance on essential topics, including: Unemployment insurance fund and salary insurance, presented by Krifa; Purchase and inheritance of property in Italy (and Denmark), with insights from Advokathuset Bredgade; How to establish a business in Denmark, including requirements and registration procedures, presented by Danitacom; Doing business in Denmark: Key tax considerations, by KPMG Acor Tax.\u00a0<\/p>\n                                <a title=\"ARSID Topical Seminar: Danish Taxation and Social Security\" class=\"read-more\" href=\"https:\/\/iiccopenaghen.esteri.it\/it\/gli_eventi\/calendario\/selected-topics-on-danish-taxation-and-social-security\/\">\n                                    <span class=\"text\">Leggi di pi\u00f9<\/span>\n                                    <svg class=\"icon\">\n                                    <use xlink:href=\"https:\/\/iiccopenaghen.esteri.it\/wp-content\/themes\/sedi-tema\/assets\/svg\/sprites.svg#it-arrow-right\"><\/use>\n                                    <\/svg>\n                                <\/a>\n                                                        <\/div>\n                                                    <\/div>\n                    <\/div>\n                <\/div>\n                <!--end card-->\n                <\/div><!-- col-12 .mt-3-->\n                            <div class=\"col-12 mt-3\">\n                <!--start card-->\n                <div class=\"card-wrapper card-space\">\n                    <div class=\"card card-bg card-big border-bottom-card\">\n                        <div class=\"card-body row\">\n                                                    <div class=\"col-sm-3\">\n                                <div class=\"img-responsive\">\n                                    <figure class=\"img-wrapper\">\n                                        <a href=\"https:\/\/iiccopenaghen.esteri.it\/it\/gli_eventi\/calendario\/parola-e-interiorita-una-serata-di-poesia-italo-danese\/\" title=\"Leggi l'articolo: Parola e interiorit\u00e0. Una serata di poesia italo-danese\">\n                                                                                            <img loading=\"lazy\" decoding=\"async\" width=\"300\" height=\"195\" src=\"https:\/\/iiccopenaghen.esteri.it\/wp-content\/uploads\/2026\/02\/poesia-1-300x195.png\" srcset=\"https:\/\/iiccopenaghen.esteri.it\/wp-content\/uploads\/2026\/02\/poesia-1.png 947w, https:\/\/iiccopenaghen.esteri.it\/wp-content\/uploads\/2026\/02\/poesia-1-300x195.png 300w, https:\/\/iiccopenaghen.esteri.it\/wp-content\/uploads\/2026\/02\/poesia-1-768x499.png 768w\" sizes=\"auto, (max-width: 947px) 100vw, 947px\"  title=\"poesia 1\" alt=\"\" class=\"img-fluid\">\n                                                                                    <\/a>\n                                    <\/figure>\n                                <\/div>\n                            <\/div>\n                            <div class=\"col-sm-9\">\n                                                            <div class=\"category-top\">\n                                    <span class=\"fw-bold text-danger\">Concluso<\/span>                                                                        <span class=\"data\">\n                                        <svg class=\"icon icon-secondary\">\n                                            <use xlink:href=\"https:\/\/iiccopenaghen.esteri.it\/wp-content\/themes\/sedi-tema\/assets\/svg\/sprites.svg#it-calendar\"><\/use>\n                                        <\/svg> Lun 23 Mar 2026                                    <\/span>\n                                                                    <\/div>\n                            <h5 class=\"card-title big-heading text-uppercase\"><a class=\"text-body text-decoration-none\" href=\"https:\/\/iiccopenaghen.esteri.it\/it\/gli_eventi\/calendario\/parola-e-interiorita-una-serata-di-poesia-italo-danese\/\" title=\"Parola e interiorit\u00e0. Una serata di poesia italo-danese\">Parola e interiorit\u00e0. Una serata di poesia italo-danese<\/a><\/h5>\n                            <p class=\"card-text\">In occasione della Giornata Mondiale UNESCO della Poesia, l\u2019Istituto Italiano di Cultura di Copenaghen invita a una serata all\u2019insegna delle parole e dello scambio culturale tra Italia e Danimarca.<\/p>\n                                <a title=\"Parola e interiorit\u00e0. Una serata di poesia italo-danese\" class=\"read-more\" href=\"https:\/\/iiccopenaghen.esteri.it\/it\/gli_eventi\/calendario\/parola-e-interiorita-una-serata-di-poesia-italo-danese\/\">\n                                    <span class=\"text\">Leggi di pi\u00f9<\/span>\n                                    <svg class=\"icon\">\n                                    <use xlink:href=\"https:\/\/iiccopenaghen.esteri.it\/wp-content\/themes\/sedi-tema\/assets\/svg\/sprites.svg#it-arrow-right\"><\/use>\n                                    <\/svg>\n                                <\/a>\n                                                        <\/div>\n                                                    <\/div>\n                    <\/div>\n                <\/div>\n                <!--end card-->\n                <\/div><!-- col-12 .mt-3-->\n                            <div class=\"col-12 mt-3\">\n                <!--start card-->\n                <div class=\"card-wrapper card-space\">\n                    <div class=\"card card-bg card-big border-bottom-card\">\n                        <div class=\"card-body row\">\n                                                    <div class=\"col-sm-3\">\n                                <div class=\"img-responsive\">\n                                    <figure class=\"img-wrapper\">\n                                        <a href=\"https:\/\/iiccopenaghen.esteri.it\/it\/gli_eventi\/calendario\/11684\/\" title=\"Leggi l'articolo: Rhythms &#038; Spritz\">\n                                                                                            <img loading=\"lazy\" decoding=\"async\" width=\"300\" height=\"212\" src=\"https:\/\/iiccopenaghen.esteri.it\/wp-content\/uploads\/2026\/02\/Rhythms-and-Spritz-300x212.png\" srcset=\"https:\/\/iiccopenaghen.esteri.it\/wp-content\/uploads\/2026\/02\/Rhythms-and-Spritz.png 1920w, https:\/\/iiccopenaghen.esteri.it\/wp-content\/uploads\/2026\/02\/Rhythms-and-Spritz-300x212.png 300w, https:\/\/iiccopenaghen.esteri.it\/wp-content\/uploads\/2026\/02\/Rhythms-and-Spritz-1024x724.png 1024w, https:\/\/iiccopenaghen.esteri.it\/wp-content\/uploads\/2026\/02\/Rhythms-and-Spritz-768x543.png 768w\" sizes=\"auto, (max-width: 1920px) 100vw, 1920px\"  title=\"Rhythms and Spritz\" alt=\"\" class=\"img-fluid\">\n                                                                                    <\/a>\n                                    <\/figure>\n                                <\/div>\n                            <\/div>\n                            <div class=\"col-sm-9\">\n                                                            <div class=\"category-top\">\n                                    <span class=\"fw-bold text-danger\">Concluso<\/span>                                                                        <span class=\"data\">\n                                        <svg class=\"icon icon-secondary\">\n                                            <use xlink:href=\"https:\/\/iiccopenaghen.esteri.it\/wp-content\/themes\/sedi-tema\/assets\/svg\/sprites.svg#it-calendar\"><\/use>\n                                        <\/svg> Gio 19 Mar 2026<svg class=\"icon icon-xs icon-secondary me-1 ms-1\"><use href=\"https:\/\/iiccopenaghen.esteri.it\/wp-content\/themes\/sedi-tema\/assets\/svg\/sprites.svg#it-arrow-right\"><\/use><\/svg>Gio 19 Mar 2026                                    <\/span>\n                                                                    <\/div>\n                            <h5 class=\"card-title big-heading text-uppercase\"><a class=\"text-body text-decoration-none\" href=\"https:\/\/iiccopenaghen.esteri.it\/it\/gli_eventi\/calendario\/11684\/\" title=\"Rhythms &#038; Spritz\">Rhythms &#038; Spritz<\/a><\/h5>\n                            <p class=\"card-text\">Join us for\u00a0Rhythms &amp; Spritz.\r\nAn evening where\u00a0MUSIC\u00a0and\u00a0FLAVORS\u00a0come together!\r\nWith DJ set\u00a0featuring\u00a0Dj Lago and The Admiral.<\/p>\n                                <a title=\"Rhythms &#038; Spritz\" class=\"read-more\" href=\"https:\/\/iiccopenaghen.esteri.it\/it\/gli_eventi\/calendario\/11684\/\">\n                                    <span class=\"text\">Leggi di pi\u00f9<\/span>\n                                    <svg class=\"icon\">\n                                    <use xlink:href=\"https:\/\/iiccopenaghen.esteri.it\/wp-content\/themes\/sedi-tema\/assets\/svg\/sprites.svg#it-arrow-right\"><\/use>\n                                    <\/svg>\n                                <\/a>\n                                                        <\/div>\n                                                    <\/div>\n                    <\/div>\n                <\/div>\n                <!--end card-->\n                <\/div><!-- col-12 .mt-3-->\n                            <div class=\"col-12 mt-3\">\n                <!--start card-->\n                <div class=\"card-wrapper card-space\">\n                    <div class=\"card card-bg card-big border-bottom-card\">\n                        <div class=\"card-body row\">\n                                                    <div class=\"col-sm-3\">\n                                <div class=\"img-responsive\">\n                                    <figure class=\"img-wrapper\">\n                                        <a href=\"https:\/\/iiccopenaghen.esteri.it\/it\/gli_eventi\/calendario\/masterclass-vini-dei-vulcani-da-nord-a-sud\/\" title=\"Leggi l'articolo: Masterclass: Vini dei Vulcani &#8211; da Nord a Sud\">\n                                                                                            <img loading=\"lazy\" decoding=\"async\" width=\"300\" height=\"200\" src=\"https:\/\/iiccopenaghen.esteri.it\/wp-content\/uploads\/2026\/03\/soil-vesuvio-300x200.jpg\" srcset=\"https:\/\/iiccopenaghen.esteri.it\/wp-content\/uploads\/2026\/03\/soil-vesuvio.jpg 1920w, https:\/\/iiccopenaghen.esteri.it\/wp-content\/uploads\/2026\/03\/soil-vesuvio-300x200.jpg 300w, https:\/\/iiccopenaghen.esteri.it\/wp-content\/uploads\/2026\/03\/soil-vesuvio-1024x682.jpg 1024w, https:\/\/iiccopenaghen.esteri.it\/wp-content\/uploads\/2026\/03\/soil-vesuvio-768x512.jpg 768w\" sizes=\"auto, (max-width: 1920px) 100vw, 1920px\"  title=\"soil vesuvio\" alt=\"\" class=\"img-fluid\">\n                                                                                    <\/a>\n                                    <\/figure>\n                                <\/div>\n                            <\/div>\n                            <div class=\"col-sm-9\">\n                                                            <div class=\"category-top\">\n                                    <span class=\"fw-bold text-danger\">Concluso<\/span>                                                                        <span class=\"data\">\n                                        <svg class=\"icon icon-secondary\">\n                                            <use xlink:href=\"https:\/\/iiccopenaghen.esteri.it\/wp-content\/themes\/sedi-tema\/assets\/svg\/sprites.svg#it-calendar\"><\/use>\n                                        <\/svg> Mer 18 Mar 2026                                    <\/span>\n                                                                    <\/div>\n                            <h5 class=\"card-title big-heading text-uppercase\"><a class=\"text-body text-decoration-none\" href=\"https:\/\/iiccopenaghen.esteri.it\/it\/gli_eventi\/calendario\/masterclass-vini-dei-vulcani-da-nord-a-sud\/\" title=\"Masterclass: Vini dei Vulcani &#8211; da Nord a Sud\">Masterclass: Vini dei Vulcani &#8211; da Nord a Sud<\/a><\/h5>\n                            <p class=\"card-text\">Enoteka e l&#039;Istituto Italiano di Cultura vi invitano a un&#039;affascinante masterclass sui vini provenienti dai terroir vulcanici italiani.<\/p>\n                                <a title=\"Masterclass: Vini dei Vulcani &#8211; da Nord a Sud\" class=\"read-more\" href=\"https:\/\/iiccopenaghen.esteri.it\/it\/gli_eventi\/calendario\/masterclass-vini-dei-vulcani-da-nord-a-sud\/\">\n                                    <span class=\"text\">Leggi di pi\u00f9<\/span>\n                                    <svg class=\"icon\">\n                                    <use xlink:href=\"https:\/\/iiccopenaghen.esteri.it\/wp-content\/themes\/sedi-tema\/assets\/svg\/sprites.svg#it-arrow-right\"><\/use>\n                                    <\/svg>\n                                <\/a>\n                                                        <\/div>\n                                                    <\/div>\n                    <\/div>\n                <\/div>\n                <!--end card-->\n                <\/div><!-- col-12 .mt-3-->\n                            <div class=\"col-12 mt-3\">\n                <!--start card-->\n                <div class=\"card-wrapper card-space\">\n                    <div class=\"card card-bg card-big border-bottom-card\">\n                        <div class=\"card-body row\">\n                                                    <div class=\"col-sm-3\">\n                                <div class=\"img-responsive\">\n                                    <figure class=\"img-wrapper\">\n                                        <a href=\"https:\/\/iiccopenaghen.esteri.it\/it\/gli_eventi\/calendario\/il-corpo-questo-sconosciuto\/\" title=\"Leggi l'articolo: Il corpo questo sconosciuto\">\n                                                                                            <img loading=\"lazy\" decoding=\"async\" width=\"300\" height=\"193\" src=\"https:\/\/iiccopenaghen.esteri.it\/wp-content\/uploads\/2026\/02\/Theatre-workshop-The-body-this-stranger-1-300x193.png\" srcset=\"https:\/\/iiccopenaghen.esteri.it\/wp-content\/uploads\/2026\/02\/Theatre-workshop-The-body-this-stranger-1.png 800w, https:\/\/iiccopenaghen.esteri.it\/wp-content\/uploads\/2026\/02\/Theatre-workshop-The-body-this-stranger-1-300x193.png 300w, https:\/\/iiccopenaghen.esteri.it\/wp-content\/uploads\/2026\/02\/Theatre-workshop-The-body-this-stranger-1-768x493.png 768w\" sizes=\"auto, (max-width: 800px) 100vw, 800px\"  title=\"Theatre workshop The body, this stranger (1)\" alt=\"\" class=\"img-fluid\">\n                                                                                    <\/a>\n                                    <\/figure>\n                                <\/div>\n                            <\/div>\n                            <div class=\"col-sm-9\">\n                                                            <div class=\"category-top\">\n                                    <span class=\"fw-bold text-danger\">Concluso<\/span>                                                                        <span class=\"data\">\n                                        <svg class=\"icon icon-secondary\">\n                                            <use xlink:href=\"https:\/\/iiccopenaghen.esteri.it\/wp-content\/themes\/sedi-tema\/assets\/svg\/sprites.svg#it-calendar\"><\/use>\n                                        <\/svg> Ven 13 Mar 2026                                    <\/span>\n                                                                    <\/div>\n                            <h5 class=\"card-title big-heading text-uppercase\"><a class=\"text-body text-decoration-none\" href=\"https:\/\/iiccopenaghen.esteri.it\/it\/gli_eventi\/calendario\/il-corpo-questo-sconosciuto\/\" title=\"Il corpo questo sconosciuto\">Il corpo questo sconosciuto<\/a><\/h5>\n                            <p class=\"card-text\">Nel workshop il Maestro Mario Pirovano, presenta le numerose possibilit\u00e0 del poter fare teatro con il solo \u201ccostume\u201d del proprio corpo.<\/p>\n                                <a title=\"Il corpo questo sconosciuto\" class=\"read-more\" href=\"https:\/\/iiccopenaghen.esteri.it\/it\/gli_eventi\/calendario\/il-corpo-questo-sconosciuto\/\">\n                                    <span class=\"text\">Leggi di pi\u00f9<\/span>\n                                    <svg class=\"icon\">\n                                    <use xlink:href=\"https:\/\/iiccopenaghen.esteri.it\/wp-content\/themes\/sedi-tema\/assets\/svg\/sprites.svg#it-arrow-right\"><\/use>\n                                    <\/svg>\n                                <\/a>\n                                                        <\/div>\n                                                    <\/div>\n                    <\/div>\n                <\/div>\n                <!--end card-->\n                <\/div><!-- col-12 .mt-3-->\n                            <div class=\"col-12 mt-3\">\n                <!--start card-->\n                <div class=\"card-wrapper card-space\">\n                    <div class=\"card card-bg card-big border-bottom-card\">\n                        <div class=\"card-body row\">\n                                                    <div class=\"col-sm-3\">\n                                <div class=\"img-responsive\">\n                                    <figure class=\"img-wrapper\">\n                                        <a href=\"https:\/\/iiccopenaghen.esteri.it\/it\/gli_eventi\/calendario\/il-100-anniversario-della-nascita-di-dario-fo-celebrato-allhofteatret-di-copenaghen\/\" title=\"Leggi l'articolo: Il 100\u00b0 anniversario della nascita di Dario Fo celebrato all\u2019Hofteatret di Copenaghen\">\n                                                                                            <img loading=\"lazy\" decoding=\"async\" width=\"300\" height=\"252\" src=\"https:\/\/iiccopenaghen.esteri.it\/wp-content\/uploads\/2026\/03\/MISTERO-BUFFO-web-300x252.png\" srcset=\"https:\/\/iiccopenaghen.esteri.it\/wp-content\/uploads\/2026\/03\/MISTERO-BUFFO-web.png 939w, https:\/\/iiccopenaghen.esteri.it\/wp-content\/uploads\/2026\/03\/MISTERO-BUFFO-web-300x252.png 300w, https:\/\/iiccopenaghen.esteri.it\/wp-content\/uploads\/2026\/03\/MISTERO-BUFFO-web-768x644.png 768w\" sizes=\"auto, (max-width: 939px) 100vw, 939px\"  title=\"MISTERO BUFFO web\" alt=\"\" class=\"img-fluid\">\n                                                                                    <\/a>\n                                    <\/figure>\n                                <\/div>\n                            <\/div>\n                            <div class=\"col-sm-9\">\n                                                            <div class=\"category-top\">\n                                    <span class=\"fw-bold text-danger\">Concluso<\/span>                                                                        <span class=\"data\">\n                                        <svg class=\"icon icon-secondary\">\n                                            <use xlink:href=\"https:\/\/iiccopenaghen.esteri.it\/wp-content\/themes\/sedi-tema\/assets\/svg\/sprites.svg#it-calendar\"><\/use>\n                                        <\/svg> Gio 12 Mar 2026                                    <\/span>\n                                                                    <\/div>\n                            <h5 class=\"card-title big-heading text-uppercase\"><a class=\"text-body text-decoration-none\" href=\"https:\/\/iiccopenaghen.esteri.it\/it\/gli_eventi\/calendario\/il-100-anniversario-della-nascita-di-dario-fo-celebrato-allhofteatret-di-copenaghen\/\" title=\"Il 100\u00b0 anniversario della nascita di Dario Fo celebrato all\u2019Hofteatret di Copenaghen\">Il 100\u00b0 anniversario della nascita di Dario Fo celebrato all\u2019Hofteatret di Copenaghen<\/a><\/h5>\n                            <p class=\"card-text\">In occasione del centenario della nascita di Dario Fo, l\u2019Istituto Italiano di Cultura e il Museo del Teatro dell\u2019Hofteatret si sono uniti per presentare uno spettacolo per un pubblico invitato gioved\u00ec 12 marzo, con l\u2019allievo di Fo, Mario Pirovano, sulla scena recentemente restaurata dell\u2019Hofteatret.<\/p>\n                                <a title=\"Il 100\u00b0 anniversario della nascita di Dario Fo celebrato all\u2019Hofteatret di Copenaghen\" class=\"read-more\" href=\"https:\/\/iiccopenaghen.esteri.it\/it\/gli_eventi\/calendario\/il-100-anniversario-della-nascita-di-dario-fo-celebrato-allhofteatret-di-copenaghen\/\">\n                                    <span class=\"text\">Leggi di pi\u00f9<\/span>\n                                    <svg class=\"icon\">\n                                    <use xlink:href=\"https:\/\/iiccopenaghen.esteri.it\/wp-content\/themes\/sedi-tema\/assets\/svg\/sprites.svg#it-arrow-right\"><\/use>\n                                    <\/svg>\n                                <\/a>\n                                                        <\/div>\n                                                    <\/div>\n                    <\/div>\n                <\/div>\n                <!--end card-->\n                <\/div><!-- col-12 .mt-3-->\n            \n            <div class=\"col-md-12 mt-4 pb-4\">\n                <nav class=\"navigation col-md-12\" aria-label=\"Navigation\">\n                    <h2 class=\"screen-reader-text visually-hidden\">Paginazione<\/h2>\n                    <div class=\"nav-links\">\n                    <span aria-current=\"page\" class=\"page-numbers current\">1<\/span>\n<a class=\"page-numbers\" href=\"https:\/\/iiccopenaghen.esteri.it\/it\/wp-json\/wp\/v2\/pages\/4053\/?pag=2\">2<\/a>\n<a class=\"page-numbers\" href=\"https:\/\/iiccopenaghen.esteri.it\/it\/wp-json\/wp\/v2\/pages\/4053\/?pag=3\">3<\/a>\n<span class=\"page-numbers dots\">&hellip;<\/span>\n<a class=\"page-numbers\" href=\"https:\/\/iiccopenaghen.esteri.it\/it\/wp-json\/wp\/v2\/pages\/4053\/?pag=86\">86<\/a>\n<a class=\"next page-numbers\" href=\"https:\/\/iiccopenaghen.esteri.it\/it\/wp-json\/wp\/v2\/pages\/4053\/?pag=2\"><svg class=\"icon icon-primary\"><use xlink:href=\"https:\/\/iiccopenaghen.esteri.it\/wp-content\/themes\/sedi-tema\/assets\/svg\/sprites.svg#it-chevron-right\"><\/use><\/svg>\n                                    <span class=\"visually-hidden\">Pagina successiva<\/span><\/a>                    <\/div>\n                <\/nav>\n            <\/div>   <!--.col-md-12 -->\n              <\/div><!--.row -->\n              \n<p>&nbsp;<\/p>\n","protected":false},"excerpt":{"rendered":"&nbsp;","protected":false},"author":1,"featured_media":0,"parent":17,"menu_order":0,"comment_status":"closed","ping_status":"closed","template":"","meta":{"footnotes":""},"class_list":["post-4053","page","type-page","status-publish","hentry"],"_links":{"self":[{"href":"https:\/\/iiccopenaghen.esteri.it\/it\/wp-json\/wp\/v2\/pages\/4053","targetHints":{"allow":["GET"]}}],"collection":[{"href":"https:\/\/iiccopenaghen.esteri.it\/it\/wp-json\/wp\/v2\/pages"}],"about":[{"href":"https:\/\/iiccopenaghen.esteri.it\/it\/wp-json\/wp\/v2\/types\/page"}],"author":[{"embeddable":true,"href":"https:\/\/iiccopenaghen.esteri.it\/it\/wp-json\/wp\/v2\/users\/1"}],"replies":[{"embeddable":true,"href":"https:\/\/iiccopenaghen.esteri.it\/it\/wp-json\/wp\/v2\/comments?post=4053"}],"version-history":[{"count":1,"href":"https:\/\/iiccopenaghen.esteri.it\/it\/wp-json\/wp\/v2\/pages\/4053\/revisions"}],"predecessor-version":[{"id":4057,"href":"https:\/\/iiccopenaghen.esteri.it\/it\/wp-json\/wp\/v2\/pages\/4053\/revisions\/4057"}],"up":[{"embeddable":true,"href":"https:\/\/iiccopenaghen.esteri.it\/it\/wp-json\/wp\/v2\/pages\/17"}],"wp:attachment":[{"href":"https:\/\/iiccopenaghen.esteri.it\/it\/wp-json\/wp\/v2\/media?parent=4053"}],"curies":[{"name":"wp","href":"https:\/\/api.w.org\/{rel}","templated":true}]}}