{"id":73,"date":"2023-04-03T20:28:30","date_gmt":"2023-04-03T18:28:30","guid":{"rendered":"https:\/\/iiccopenaghen.esteri.it\/home\/"},"modified":"2023-07-31T11:16:05","modified_gmt":"2023-07-31T09:16:05","slug":"home","status":"publish","type":"page","link":"https:\/\/iiccopenaghen.esteri.it\/da\/","title":{"rendered":"Home"},"content":{"rendered":"        <section class=\"it-hero-wrapper it-dark it-overlay it-text-centered\">\n            <!-- - img-->\n            <div class=\"img-responsive-wrapper\">\n                <div class=\"img-responsive\">\n                    <div class=\"img-wrapper\">\n                        <img decoding=\"async\" loading=\"lazy\" width=\"1519\" height=\"1150\" src=\"https:\/\/iiccopenaghen.esteri.it\/wp-content\/uploads\/2026\/07\/IIC-sera-giardino-2.png\" srcset=\"https:\/\/iiccopenaghen.esteri.it\/wp-content\/uploads\/2026\/07\/IIC-sera-giardino-2.png 1519w, https:\/\/iiccopenaghen.esteri.it\/wp-content\/uploads\/2026\/07\/IIC-sera-giardino-2-300x227.png 300w, https:\/\/iiccopenaghen.esteri.it\/wp-content\/uploads\/2026\/07\/IIC-sera-giardino-2-1024x775.png 1024w, https:\/\/iiccopenaghen.esteri.it\/wp-content\/uploads\/2026\/07\/IIC-sera-giardino-2-768x581.png 768w\" sizes=\"auto, (max-width: 1519px) 100vw, 1519px\" alt=\"Velkommen p\u00e5 Det Italienske Kulturinstitut\">\n                    <\/div>\n                <\/div>\n            <\/div>\n            <!-- - texts-->\n            <div class=\"container\">\n                <div class=\"row\">\n                    <div class=\"col-12\">\n                        <div class=\"it-hero-text-wrapper bg-dark\">\n                            <h2 class=\"h1\"><a class=\"text-white text-decoration-none\" href=\"https:\/\/iiccopenaghen.esteri.it\/da\/\" title=\"G\u00e5 til siden https:\/\/iiccopenaghen.esteri.it\/da\/\"> Velkommen p\u00e5 Det Italienske Kulturinstitut<\/a><\/h2>\n                        <\/div>\n                    <\/div>\n                <\/div>\n            <\/div>\n    <\/section>\n        \n\n        <section class=\"container-fluid primary-bg\">\n        <div class=\"box-container-maxwidth argomenti\">\n            <div class=\"row p-md-5 p-2 text-center\">\n                <div class=\"col-md-3\">\n                    <h3 class=\"text-white\">Fremh\u00e6vede emner<\/h3>\n                <\/div>\n                <div class=\"col-md-9\">\n                                        <div class=\"chip chip-info chip-lg\">\n                        <a href=\"https:\/\/event.it\/iiccopenaghen\/event\/141475236913175f49123d598f229f214f3b9d4f0e60914\/register\" title=\"G\u00e5 til siden Tilmeld dig Kulturinstituttets nyhedsbrev\" class=\"chip-label\">Tilmeld dig Kulturinstituttets nyhedsbrev<\/a>\n                    <\/div>\n                                        <div class=\"chip chip-info chip-lg\">\n                        <a href=\"https:\/\/iiccopenaghen.esteri.it\/da\/chi-siamo\/la-sede\/diventare-socio\/\" title=\"G\u00e5 til siden Bliv medlem af Kulturinstituttet\" class=\"chip-label\">Bliv medlem af Kulturinstituttet<\/a>\n                    <\/div>\n                                        <div class=\"chip chip-info chip-lg\">\n                        <a href=\"https:\/\/iiccopenaghen.esteri.it\/da\/chi-siamo\/la-sede\/italien-i-danmark\/\" title=\"G\u00e5 til siden Italien i Danmark\" class=\"chip-label\">Italien i Danmark<\/a>\n                    <\/div>\n                                        <div class=\"chip chip-info chip-lg\">\n                        <a href=\"https:\/\/iiccopenaghen.esteri.it\/da\/eventi\/multimedia\/\" title=\"G\u00e5 til siden Fotogalleri og pressemeddelelser\" class=\"chip-label\">Fotogalleri og pressemeddelelser<\/a>\n                    <\/div>\n                                        <div class=\"chip chip-info chip-lg\">\n                        <a href=\"https:\/\/iiccopenaghen.esteri.it\/da\/lingua-e-cultura\/i-corsi-di-lingua\/\" title=\"G\u00e5 til siden Italienskkurser\" class=\"chip-label\">Italienskkurser<\/a>\n                    <\/div>\n                                    <\/div>\n            <\/div>\n        <\/div>\n    <\/section>\n        \n    <section class=\"container-fluid c-line lightgrey-bg-a4 pb-5 pt-5\">\n        <div class=\"container\">\n            <h3 class=\"text-center mb-4\">Kommende arrangementer<\/h3>\n            <div class=\"it-carousel-wrapper it-carousel-landscape-abstract-three-cols splide\" data-bs-carousel-splide>\n                <div class=\"splide__track\">\n\t\t\t    \t\t<ul class=\"splide__list\">\n                                        <li class=\"splide__slide\">\n                    <div class=\"it-single-slide-wrapper\">\n                        <div class=\"card-wrapper card-space\">\n                            <div class=\"card\">\n                                <div class=\"img-responsive-wrapper\">\n                                    <div class=\"img-responsive\">\n                                        <figure class=\"img-wrapper\">\n                                            <a href=\"https:\/\/iiccopenaghen.esteri.it\/da\/gli_eventi\/calendario\/primavera\/\" title=\"L\u00e6s artiklen: Primavera\">\n                                                                                                <img decoding=\"async\" class=\"img-fluid\" loading=\"lazy\" width=\"500\" height=\"740\" src=\"https:\/\/iiccopenaghen.esteri.it\/wp-content\/uploads\/2026\/08\/poster_primavera_formato-piccolo-203x300.png\" srcset=\"https:\/\/iiccopenaghen.esteri.it\/wp-content\/uploads\/2026\/08\/poster_primavera_formato-piccolo.png 500w, https:\/\/iiccopenaghen.esteri.it\/wp-content\/uploads\/2026\/08\/poster_primavera_formato-piccolo-203x300.png 203w\" sizes=\"auto, (max-width: 500px) 100vw, 500px\" alt=\"\" title=\"poster_primavera_formato piccolo\">\n                                                   \n                                            <\/a>\n                                        <\/figure>\n                                    <\/div>\n                                <\/div>\n                                <div class=\"card-body\">\n                                    <div class=\"category-top\">\n                                    <span class=\"category\">\n                                        <svg class=\"icon\">\n                                            <use xlink:href=\"https:\/\/iiccopenaghen.esteri.it\/wp-content\/themes\/sedi-tema\/assets\/svg\/sprites.svg#it-calendar\"><\/use>\n                                        <\/svg>\n                                    <\/span>\n                                    <span class=\"ms-2\">tirs sep 08 2026<\/span>\n                                    <\/div>\n                                    <p class=\"h5 card-title big-heading\"><a class=\"text-decoration-none text-body\" href=\"https:\/\/iiccopenaghen.esteri.it\/da\/gli_eventi\/calendario\/primavera\/\" title=\"L\u00e6s artiklen: Primavera\">Primavera<\/a><\/p>\n                                    <p class=\"card-text\">Visning af filmen Primavera af Damiano Michieletto p\u00e5 Grand Teatret i K\u00f8benhavn.<\/p>\n                                    <a class=\"read-more\" href=\"https:\/\/iiccopenaghen.esteri.it\/da\/gli_eventi\/calendario\/primavera\/\" title=\"L\u00e6s artiklen: Primavera\">\n                                        <span class=\"text\">L\u00e6s mere<\/span>\n                                        <span class=\"visually-hidden\">Primavera<\/span>\n                                        <svg class=\"icon\">\n                                            <use href=\"https:\/\/iiccopenaghen.esteri.it\/wp-content\/themes\/sedi-tema\/assets\/svg\/sprites.svg#it-arrow-right\"><\/use>\n                                        <\/svg>\n                                    <\/a>\n                                <\/div>\n                            <\/div>\n                        <\/div>\n                    <\/div>\n                    <\/li>\n                                        <li class=\"splide__slide\">\n                    <div class=\"it-single-slide-wrapper\">\n                        <div class=\"card-wrapper card-space\">\n                            <div class=\"card\">\n                                <div class=\"img-responsive-wrapper\">\n                                    <div class=\"img-responsive\">\n                                        <figure class=\"img-wrapper\">\n                                            <a href=\"https:\/\/iiccopenaghen.esteri.it\/da\/gli_eventi\/calendario\/celebrating-5-years-of-arsid\/\" title=\"L\u00e6s artiklen: Celebrating 5 Years of ARSID\">\n                                                                                                <img decoding=\"async\" class=\"img-fluid\" loading=\"lazy\" width=\"440\" height=\"250\" src=\"https:\/\/iiccopenaghen.esteri.it\/wp-content\/uploads\/2024\/11\/Logo-ARSID-1-300x170.jpg\" srcset=\"https:\/\/iiccopenaghen.esteri.it\/wp-content\/uploads\/2024\/11\/Logo-ARSID-1.jpg 440w, https:\/\/iiccopenaghen.esteri.it\/wp-content\/uploads\/2024\/11\/Logo-ARSID-1-300x170.jpg 300w\" sizes=\"auto, (max-width: 440px) 100vw, 440px\" alt=\"\" title=\"Logo ARSID\">\n                                                   \n                                            <\/a>\n                                        <\/figure>\n                                    <\/div>\n                                <\/div>\n                                <div class=\"card-body\">\n                                    <div class=\"category-top\">\n                                    <span class=\"category\">\n                                        <svg class=\"icon\">\n                                            <use xlink:href=\"https:\/\/iiccopenaghen.esteri.it\/wp-content\/themes\/sedi-tema\/assets\/svg\/sprites.svg#it-calendar\"><\/use>\n                                        <\/svg>\n                                    <\/span>\n                                    <span class=\"ms-2\">ons sep 16 2026<\/span>\n                                    <\/div>\n                                    <p class=\"h5 card-title big-heading\"><a class=\"text-decoration-none text-body\" href=\"https:\/\/iiccopenaghen.esteri.it\/da\/gli_eventi\/calendario\/celebrating-5-years-of-arsid\/\" title=\"L\u00e6s artiklen: Celebrating 5 Years of ARSID\">Celebrating 5 Years of ARSID<\/a><\/p>\n                                    <p class=\"card-text\">Join ARSID \u2013 Association of Italian Researchers and Scientists in Denmark as we celebrate five years of connecting Italian and Danish researchers, professionals, and institutions.<\/p>\n                                    <a class=\"read-more\" href=\"https:\/\/iiccopenaghen.esteri.it\/da\/gli_eventi\/calendario\/celebrating-5-years-of-arsid\/\" title=\"L\u00e6s artiklen: Celebrating 5 Years of ARSID\">\n                                        <span class=\"text\">L\u00e6s mere<\/span>\n                                        <span class=\"visually-hidden\">Celebrating 5 Years of ARSID<\/span>\n                                        <svg class=\"icon\">\n                                            <use href=\"https:\/\/iiccopenaghen.esteri.it\/wp-content\/themes\/sedi-tema\/assets\/svg\/sprites.svg#it-arrow-right\"><\/use>\n                                        <\/svg>\n                                    <\/a>\n                                <\/div>\n                            <\/div>\n                        <\/div>\n                    <\/div>\n                    <\/li>\n                                        <li class=\"splide__slide\">\n                    <div class=\"it-single-slide-wrapper\">\n                        <div class=\"card-wrapper card-space\">\n                            <div class=\"card\">\n                                <div class=\"img-responsive-wrapper\">\n                                    <div class=\"img-responsive\">\n                                        <figure class=\"img-wrapper\">\n                                            <a href=\"https:\/\/iiccopenaghen.esteri.it\/da\/gli_eventi\/calendario\/francesco-dassisi\/\" title=\"L\u00e6s artiklen: Francesco d&#039;Assisi\">\n                                                                                                <img decoding=\"async\" class=\"img-fluid\" loading=\"lazy\" width=\"640\" height=\"859\" src=\"https:\/\/iiccopenaghen.esteri.it\/wp-content\/uploads\/2026\/08\/Giotto_-_Legend_of_St_Francis_-_-15-_-_Sermon_to_the_Birds-223x300.png\" srcset=\"https:\/\/iiccopenaghen.esteri.it\/wp-content\/uploads\/2026\/08\/Giotto_-_Legend_of_St_Francis_-_-15-_-_Sermon_to_the_Birds.png 956w, https:\/\/iiccopenaghen.esteri.it\/wp-content\/uploads\/2026\/08\/Giotto_-_Legend_of_St_Francis_-_-15-_-_Sermon_to_the_Birds-223x300.png 223w, https:\/\/iiccopenaghen.esteri.it\/wp-content\/uploads\/2026\/08\/Giotto_-_Legend_of_St_Francis_-_-15-_-_Sermon_to_the_Birds-762x1024.png 762w, https:\/\/iiccopenaghen.esteri.it\/wp-content\/uploads\/2026\/08\/Giotto_-_Legend_of_St_Francis_-_-15-_-_Sermon_to_the_Birds-768x1031.png 768w\" sizes=\"auto, (max-width: 956px) 100vw, 956px\" alt=\"\" title=\"Giotto_-_Legend_of_St_Francis_-_-15-_-_Sermon_to_the_Birds\">\n                                                   \n                                            <\/a>\n                                        <\/figure>\n                                    <\/div>\n                                <\/div>\n                                <div class=\"card-body\">\n                                    <div class=\"category-top\">\n                                    <span class=\"category\">\n                                        <svg class=\"icon\">\n                                            <use xlink:href=\"https:\/\/iiccopenaghen.esteri.it\/wp-content\/themes\/sedi-tema\/assets\/svg\/sprites.svg#it-calendar\"><\/use>\n                                        <\/svg>\n                                    <\/span>\n                                    <span class=\"ms-2\">tors okt 01 2026<\/span>\n                                    <\/div>\n                                    <p class=\"h5 card-title big-heading\"><a class=\"text-decoration-none text-body\" href=\"https:\/\/iiccopenaghen.esteri.it\/da\/gli_eventi\/calendario\/francesco-dassisi\/\" title=\"L\u00e6s artiklen: Francesco d&#039;Assisi\">Francesco d'Assisi<\/a><\/p>\n                                    <p class=\"card-text\">Foredrag om Frans af Assisi ved teolog, forfatter og foredragsholder Martin Herbst.<\/p>\n                                    <a class=\"read-more\" href=\"https:\/\/iiccopenaghen.esteri.it\/da\/gli_eventi\/calendario\/francesco-dassisi\/\" title=\"L\u00e6s artiklen: Francesco d&#039;Assisi\">\n                                        <span class=\"text\">L\u00e6s mere<\/span>\n                                        <span class=\"visually-hidden\">Francesco d&#039;Assisi<\/span>\n                                        <svg class=\"icon\">\n                                            <use href=\"https:\/\/iiccopenaghen.esteri.it\/wp-content\/themes\/sedi-tema\/assets\/svg\/sprites.svg#it-arrow-right\"><\/use>\n                                        <\/svg>\n                                    <\/a>\n                                <\/div>\n                            <\/div>\n                        <\/div>\n                    <\/div>\n                    <\/li>\n                                        <li class=\"splide__slide\">\n                    <div class=\"it-single-slide-wrapper\">\n                        <div class=\"card-wrapper card-space\">\n                            <div class=\"card\">\n                                <div class=\"img-responsive-wrapper\">\n                                    <div class=\"img-responsive\">\n                                        <figure class=\"img-wrapper\">\n                                            <a href=\"https:\/\/iiccopenaghen.esteri.it\/da\/gli_eventi\/calendario\/fumettisti-italiani-al-art-bubble-festival-2026\/\" title=\"L\u00e6s artiklen: Fumettisti italiani al Art Bubble Festival 2026\">\n                                                                                                <img decoding=\"async\" class=\"img-fluid\" loading=\"lazy\" width=\"640\" height=\"336\" src=\"https:\/\/iiccopenaghen.esteri.it\/wp-content\/uploads\/2026\/08\/Progetto-senza-titolo-27-300x158.png\" srcset=\"https:\/\/iiccopenaghen.esteri.it\/wp-content\/uploads\/2026\/08\/Progetto-senza-titolo-27.png 1200w, https:\/\/iiccopenaghen.esteri.it\/wp-content\/uploads\/2026\/08\/Progetto-senza-titolo-27-300x158.png 300w, https:\/\/iiccopenaghen.esteri.it\/wp-content\/uploads\/2026\/08\/Progetto-senza-titolo-27-1024x538.png 1024w, https:\/\/iiccopenaghen.esteri.it\/wp-content\/uploads\/2026\/08\/Progetto-senza-titolo-27-768x403.png 768w\" sizes=\"auto, (max-width: 1200px) 100vw, 1200px\" alt=\"\" title=\"Progetto senza titolo (27)\">\n                                                   \n                                            <\/a>\n                                        <\/figure>\n                                    <\/div>\n                                <\/div>\n                                <div class=\"card-body\">\n                                    <div class=\"category-top\">\n                                    <span class=\"category\">\n                                        <svg class=\"icon\">\n                                            <use xlink:href=\"https:\/\/iiccopenaghen.esteri.it\/wp-content\/themes\/sedi-tema\/assets\/svg\/sprites.svg#it-calendar\"><\/use>\n                                        <\/svg>\n                                    <\/span>\n                                    <span class=\"ms-2\">l\u00f8r okt 03 2026<svg class=\"icon icon-xs icon-secondary me-1 ms-1\"><use href=\"https:\/\/iiccopenaghen.esteri.it\/wp-content\/themes\/sedi-tema\/assets\/svg\/sprites.svg#it-arrow-right\"><\/use><\/svg>s\u00f8n okt 04 2026<\/span>\n                                    <\/div>\n                                    <p class=\"h5 card-title big-heading\"><a class=\"text-decoration-none text-body\" href=\"https:\/\/iiccopenaghen.esteri.it\/da\/gli_eventi\/calendario\/fumettisti-italiani-al-art-bubble-festival-2026\/\" title=\"L\u00e6s artiklen: Fumettisti italiani al Art Bubble Festival 2026\">Fumettisti italiani al Art Bubble Festival 2026<\/a><\/p>\n                                    <p class=\"card-text\">I \u00e5r vil tegneseriefestivalen Art Bubble v\u00e6re v\u00e6rt for to italienske tegneserieskabere: Paola Antista og Giovanni Rigano.<\/p>\n                                    <a class=\"read-more\" href=\"https:\/\/iiccopenaghen.esteri.it\/da\/gli_eventi\/calendario\/fumettisti-italiani-al-art-bubble-festival-2026\/\" title=\"L\u00e6s artiklen: Fumettisti italiani al Art Bubble Festival 2026\">\n                                        <span class=\"text\">L\u00e6s mere<\/span>\n                                        <span class=\"visually-hidden\">Fumettisti italiani al Art Bubble Festival 2026<\/span>\n                                        <svg class=\"icon\">\n                                            <use href=\"https:\/\/iiccopenaghen.esteri.it\/wp-content\/themes\/sedi-tema\/assets\/svg\/sprites.svg#it-arrow-right\"><\/use>\n                                        <\/svg>\n                                    <\/a>\n                                <\/div>\n                            <\/div>\n                        <\/div>\n                    <\/div>\n                    <\/li>\n                                        <\/ul>\n                <\/div>\n            <\/div>\n                        <div class=\"row\">\n                <p id=\"#calendario\" class=\"h5 text-white bg-primary text-center mt-5 rounded p-3 w-100 mb-0\">august\/september 2026<\/p>\n            <\/div>\n            <div class=\"row\">\n                            <div class=\"col-12 col-lg-3 p-0\">\n                    <!--start card-->\n                    <div class=\"card-wrapper\">\n                        <div class=\"card card-bg\">\n                            <div class=\"c-line primary-bg-a1 p-3\">\n                                <p class=\"h3 mb-0 fw-bold\">31<\/p>\n                                <p class=\"fw-bold\">man<\/p>\n                            <\/div>\n                            <div class=\"card-body pb-0\">\n                                <div class=\"link-list-wrapper multiline\">\n                                    <ul class=\"link-list\">\n                                        <p>Der er ingen begivenheder for denne dato<\/p>         \n                                    <\/ul>\n                                <\/div>\n                            <\/div>\n                        <\/div>\n                    <\/div>\n                    <!--end card-->\n                <\/div>\n                                <div class=\"col-12 col-lg-3 p-0\">\n                    <!--start card-->\n                    <div class=\"card-wrapper\">\n                        <div class=\"card card-bg\">\n                            <div class=\"c-line primary-bg-a1 p-3\">\n                                <p class=\"h3 mb-0 fw-bold\">01<\/p>\n                                <p class=\"fw-bold\">tirs<\/p>\n                            <\/div>\n                            <div class=\"card-body pb-0\">\n                                <div class=\"link-list-wrapper multiline\">\n                                    <ul class=\"link-list\">\n                                        <p>Der er ingen begivenheder for denne dato<\/p>         \n                                    <\/ul>\n                                <\/div>\n                            <\/div>\n                        <\/div>\n                    <\/div>\n                    <!--end card-->\n                <\/div>\n                                <div class=\"col-12 col-lg-3 p-0\">\n                    <!--start card-->\n                    <div class=\"card-wrapper\">\n                        <div class=\"card card-bg\">\n                            <div class=\"c-line primary-bg-a1 p-3\">\n                                <p class=\"h3 mb-0 fw-bold\">02<\/p>\n                                <p class=\"fw-bold\">ons<\/p>\n                            <\/div>\n                            <div class=\"card-body pb-0\">\n                                <div class=\"link-list-wrapper multiline\">\n                                    <ul class=\"link-list\">\n                                        <p>Der er ingen begivenheder for denne dato<\/p>         \n                                    <\/ul>\n                                <\/div>\n                            <\/div>\n                        <\/div>\n                    <\/div>\n                    <!--end card-->\n                <\/div>\n                                <div class=\"col-12 col-lg-3 p-0\">\n                    <!--start card-->\n                    <div class=\"card-wrapper\">\n                        <div class=\"card card-bg\">\n                            <div class=\"c-line primary-bg-a1 p-3\">\n                                <p class=\"h3 mb-0 fw-bold\">03<\/p>\n                                <p class=\"fw-bold\">tors<\/p>\n                            <\/div>\n                            <div class=\"card-body pb-0\">\n                                <div class=\"link-list-wrapper multiline\">\n                                    <ul class=\"link-list\">\n                                        <p>Der er ingen begivenheder for denne dato<\/p>         \n                                    <\/ul>\n                                <\/div>\n                            <\/div>\n                        <\/div>\n                    <\/div>\n                    <!--end card-->\n                <\/div>\n                            <\/div>\n                        <div class=\"row\">\n                <div class=\"col-md-12 text-center mt-4 mb-2\">\n                    <a class=\"btn btn-outline-primary\" title=\"Se alle arrangementer\" href=\"https:\/\/iiccopenaghen.esteri.it\/da\/gli_eventi\/calendario\/\">Alle arrangementer<\/a>\n                <\/div>\n            <\/div>\n        <\/div>\n    <\/section>\n     \n    <section class=\"container-fluid c-line lightgrey-bg-a4 pt-5 pb-5\">\n        <div class=\"container\">\n        <div class=\"row pb-5\">\n            <div class=\"col-md-12 text-center\">\n                <h3>Nyheder og pressemeddelelser<\/h3>\n            <\/div>\n        <\/div>\n        <div class=\"row\">\n                        <div class=\"col-12 col-lg-8\">                <div>\n                <!--start card-->\n                <div class=\"card-wrapper \">\n                    <div class=\"card card-img c-line lightgrey-bg-a4\">\n                        <div class=\"img-responsive-wrapper\">\n                            <div class=\"img-responsive\">\n                                <figure class=\"img-wrapper\">\n                                    <a href=\"https:\/\/iiccopenaghen.esteri.it\/da\/news\/dall_istituto\/2026\/06\/global-master-in-performing-arts-management-organised-by-accademia-teatro-alla-scala\/\" title=\"L\u00e6s artiklen: Global Master In Performing Arts Management - organised by Accademia Teatro alla Scala\">\n                                                                            <img decoding=\"async\" loading=\"lazy\" class=\"img-fluid\" width=\"640\" height=\"349\" src=\"https:\/\/iiccopenaghen.esteri.it\/wp-content\/uploads\/2026\/06\/Skaermbillede-2026-06-09-163812.png\" srcset=\"https:\/\/iiccopenaghen.esteri.it\/wp-content\/uploads\/2026\/06\/Skaermbillede-2026-06-09-163812.png 1291w, https:\/\/iiccopenaghen.esteri.it\/wp-content\/uploads\/2026\/06\/Skaermbillede-2026-06-09-163812-300x164.png 300w, https:\/\/iiccopenaghen.esteri.it\/wp-content\/uploads\/2026\/06\/Skaermbillede-2026-06-09-163812-1024x559.png 1024w, https:\/\/iiccopenaghen.esteri.it\/wp-content\/uploads\/2026\/06\/Skaermbillede-2026-06-09-163812-768x419.png 768w\" sizes=\"auto, (max-width: 1291px) 100vw, 1291px\" title=\"Sk\u00e6rmbillede 2026-06-09 163812\" alt=\"\">\n                                     \n                                    <\/a>\n                                <\/figure>\n                            <\/div>\n                        <\/div>\n                        <div class=\"card-body\">\n                            <div class=\"category-top \">\n                                <svg class=\"icon icon-sm\">\n                                    <use xlink:href=\"https:\/\/iiccopenaghen.esteri.it\/wp-content\/themes\/sedi-tema\/assets\/svg\/sprites.svg#it-calendar\"><\/use>\n                                <\/svg>\n                            <!-- <a class=\"category\" title=\"Vai alla pagina: Approfondimenti\" href=\"https:\/\/www.esteri.it\/it\/sala_stampa\/archivionotizie\/approfondimenti\/\">Approfondimenti<\/a> -->\n                                <span class=\"ms-2\">09 jun 2026<\/span>\n                            <\/div>\n                        <p class=\"h4 mb-2\"><a class=\"text-decoration-none text-body\" href=\"https:\/\/iiccopenaghen.esteri.it\/da\/news\/dall_istituto\/2026\/06\/global-master-in-performing-arts-management-organised-by-accademia-teatro-alla-scala\/\" title=\"L\u00e6s artiklen: Global Master In Performing Arts Management - organised by Accademia Teatro alla Scala\">Global Master In Performing Arts Management - organised by Accademia Teatro alla Scala<\/a><\/p>\n                        <p class=\"card-text\">Global Master In Performing Arts Management organised by Accademia Teatro alla Scala in partnership with POLIMI Graduate School of Management...<\/p>\n                        <a class=\"read-more\" href=\"https:\/\/iiccopenaghen.esteri.it\/da\/news\/dall_istituto\/2026\/06\/global-master-in-performing-arts-management-organised-by-accademia-teatro-alla-scala\/\" title=\"L\u00e6s artiklen: Global Master In Performing Arts Management - organised by Accademia Teatro alla Scala\">\n                            <span class=\"text\">L\u00e6s mere<\/span>\n                            <svg class=\"icon\">\n                            <use href=\"https:\/\/iiccopenaghen.esteri.it\/wp-content\/themes\/sedi-tema\/assets\/svg\/sprites.svg#it-arrow-right\"><\/use>\n                            <\/svg><\/a>\n                        <\/div>\n                    <\/div>\n                <\/div>\n                <!--end card-->\n                <\/div>\n            <\/div>                        <div class=\"col-12 col-lg-4\">                <div>\n                <!--start card-->\n                <div class=\"card-wrapper card-space\">\n                    <div class=\"card card-img card-bg no-after\">\n                        <div class=\"img-responsive-wrapper\">\n                            <div class=\"img-responsive\">\n                                <figure class=\"img-wrapper\">\n                                    <a href=\"https:\/\/iiccopenaghen.esteri.it\/da\/news\/dall_istituto\/2026\/06\/video-messaggio-celebrativo-per-lottantesimo-anniversario-della-festa-della-repubblica\/\" title=\"L\u00e6s artiklen: Videohilsen i anledning af 80-\u00e5rs jubil\u00e6et for Det Italienske Republikkens Dag\">\n                                                                            <img decoding=\"async\" loading=\"lazy\" class=\"img-fluid\" width=\"640\" height=\"360\" src=\"https:\/\/iiccopenaghen.esteri.it\/wp-content\/uploads\/2026\/06\/Festa-della-Repubblica-768x432.png\" srcset=\"https:\/\/iiccopenaghen.esteri.it\/wp-content\/uploads\/2026\/06\/Festa-della-Repubblica.png 1601w, https:\/\/iiccopenaghen.esteri.it\/wp-content\/uploads\/2026\/06\/Festa-della-Repubblica-300x169.png 300w, https:\/\/iiccopenaghen.esteri.it\/wp-content\/uploads\/2026\/06\/Festa-della-Repubblica-1024x576.png 1024w, https:\/\/iiccopenaghen.esteri.it\/wp-content\/uploads\/2026\/06\/Festa-della-Repubblica-768x432.png 768w\" sizes=\"auto, (max-width: 1601px) 100vw, 1601px\" title=\"Festa della Repubblica\" alt=\"\">\n                                     \n                                    <\/a>\n                                <\/figure>\n                            <\/div>\n                        <\/div>\n                        <div class=\"card-body\">\n                            <div class=\"category-top cat-lat\">\n                                <svg class=\"icon icon-sm\">\n                                    <use xlink:href=\"https:\/\/iiccopenaghen.esteri.it\/wp-content\/themes\/sedi-tema\/assets\/svg\/sprites.svg#it-calendar\"><\/use>\n                                <\/svg>\n                            <!-- <a class=\"category\" title=\"Vai alla pagina: Approfondimenti\" href=\"https:\/\/www.esteri.it\/it\/sala_stampa\/archivionotizie\/approfondimenti\/\">Approfondimenti<\/a> -->\n                                <span class=\"ms-2\">01 jun 2026<\/span>\n                            <\/div>\n                        <p class=\"h6 card-title mb-5\"><a class=\"text-decoration-none text-body\" href=\"https:\/\/iiccopenaghen.esteri.it\/da\/news\/dall_istituto\/2026\/06\/video-messaggio-celebrativo-per-lottantesimo-anniversario-della-festa-della-repubblica\/\" title=\"L\u00e6s artiklen: Videohilsen i anledning af 80-\u00e5rs jubil\u00e6et for Det Italienske Republikkens Dag\">Videohilsen i anledning af 80-\u00e5rs jubil\u00e6et for Det...<\/a><\/p>\n                        <p class=\"card-text\"><\/p>\n                        <a class=\"read-more\" href=\"https:\/\/iiccopenaghen.esteri.it\/da\/news\/dall_istituto\/2026\/06\/video-messaggio-celebrativo-per-lottantesimo-anniversario-della-festa-della-repubblica\/\" title=\"L\u00e6s artiklen: Videohilsen i anledning af 80-\u00e5rs jubil\u00e6et for Det Italienske Republikkens Dag\">\n                            <span class=\"text\">L\u00e6s mere<\/span>\n                            <svg class=\"icon\">\n                            <use href=\"https:\/\/iiccopenaghen.esteri.it\/wp-content\/themes\/sedi-tema\/assets\/svg\/sprites.svg#it-arrow-right\"><\/use>\n                            <\/svg><\/a>\n                        <\/div>\n                    <\/div>\n                <\/div>\n                <!--end card-->\n                <\/div>\n                                                    <div>\n                <!--start card-->\n                <div class=\"card-wrapper card-space\">\n                    <div class=\"card card-img card-bg no-after\">\n                        <div class=\"img-responsive-wrapper\">\n                            <div class=\"img-responsive\">\n                                <figure class=\"img-wrapper\">\n                                    <a href=\"https:\/\/iiccopenaghen.esteri.it\/da\/news\/dall_istituto\/2026\/02\/premi-e-contributi-alla-traduzione-anno-2026\/\" title=\"L\u00e6s artiklen: St\u00f8tte til overs\u00e6ttelse af italiensk litteratur 2026\">\n                                                                            <img decoding=\"async\" loading=\"lazy\" class=\"img-fluid\" width=\"640\" height=\"509\" src=\"https:\/\/iiccopenaghen.esteri.it\/wp-content\/uploads\/2026\/02\/libri-768x611.jpg\" srcset=\"https:\/\/iiccopenaghen.esteri.it\/wp-content\/uploads\/2026\/02\/libri.jpg 1920w, https:\/\/iiccopenaghen.esteri.it\/wp-content\/uploads\/2026\/02\/libri-300x239.jpg 300w, https:\/\/iiccopenaghen.esteri.it\/wp-content\/uploads\/2026\/02\/libri-1024x814.jpg 1024w, https:\/\/iiccopenaghen.esteri.it\/wp-content\/uploads\/2026\/02\/libri-768x611.jpg 768w\" sizes=\"auto, (max-width: 1920px) 100vw, 1920px\" title=\"libri\" alt=\"\">\n                                     \n                                    <\/a>\n                                <\/figure>\n                            <\/div>\n                        <\/div>\n                        <div class=\"card-body\">\n                            <div class=\"category-top cat-lat\">\n                                <svg class=\"icon icon-sm\">\n                                    <use xlink:href=\"https:\/\/iiccopenaghen.esteri.it\/wp-content\/themes\/sedi-tema\/assets\/svg\/sprites.svg#it-calendar\"><\/use>\n                                <\/svg>\n                            <!-- <a class=\"category\" title=\"Vai alla pagina: Approfondimenti\" href=\"https:\/\/www.esteri.it\/it\/sala_stampa\/archivionotizie\/approfondimenti\/\">Approfondimenti<\/a> -->\n                                <span class=\"ms-2\">24 feb 2026<\/span>\n                            <\/div>\n                        <p class=\"h6 card-title mb-5\"><a class=\"text-decoration-none text-body\" href=\"https:\/\/iiccopenaghen.esteri.it\/da\/news\/dall_istituto\/2026\/02\/premi-e-contributi-alla-traduzione-anno-2026\/\" title=\"L\u00e6s artiklen: St\u00f8tte til overs\u00e6ttelse af italiensk litteratur 2026\">St\u00f8tte til overs\u00e6ttelse af italiensk litteratur 2026<\/a><\/p>\n                        <p class=\"card-text\"><\/p>\n                        <a class=\"read-more\" href=\"https:\/\/iiccopenaghen.esteri.it\/da\/news\/dall_istituto\/2026\/02\/premi-e-contributi-alla-traduzione-anno-2026\/\" title=\"L\u00e6s artiklen: St\u00f8tte til overs\u00e6ttelse af italiensk litteratur 2026\">\n                            <span class=\"text\">L\u00e6s mere<\/span>\n                            <svg class=\"icon\">\n                            <use href=\"https:\/\/iiccopenaghen.esteri.it\/wp-content\/themes\/sedi-tema\/assets\/svg\/sprites.svg#it-arrow-right\"><\/use>\n                            <\/svg><\/a>\n                        <\/div>\n                    <\/div>\n                <\/div>\n                <!--end card-->\n                <\/div>\n            <\/div>                    <\/div>\n        <\/div>\n    <\/section>\n        \n        <!-- Sezione siti tematici -->\n        <section class=\"container pt-5 pb-5\">\n          <div class=\"row pt-5\">\n              <div class=\"col-12 text-center\">\n                <h3>Farnesina portaler<\/h3>\n            <\/div>\n          <\/div>\n          <div class=\"py-4\">\n            <div class=\"card-wrapper card-teaser-wrapper card-teaser-wrapper-equal card-teaser-block-3\">\n                            <div class=\"card card-teaser card-bg-success rounded\">\n                    <div class=\"avatar siti-tematici-img size-lg me-3 rounded-0 bg-transparent\">\n                    <picture>\n                        <source type=\"image\/webp\" srcset=\"https:\/\/iiccopenaghen.esteri.it\/wp-content\/themes\/sedi-tema\/assets\/img\/icone-portali\/2x\/markets-2x.webp 2x,https:\/\/iiccopenaghen.esteri.it\/wp-content\/themes\/sedi-tema\/assets\/img\/icone-portali\/1x\/markets.webp 1x\" >\n                        <source type=\"image\/png\" srcset=\"https:\/\/iiccopenaghen.esteri.it\/wp-content\/themes\/sedi-tema\/assets\/img\/icone-portali\/markets.png\" >\n                        <img decoding=\"async\" loading=\"lazy\" width=\"40\" height=\"40\" class=\"rounded-0\" src=\"https:\/\/iiccopenaghen.esteri.it\/wp-content\/themes\/sedi-tema\/assets\/img\/icone-portali\/markets.png\"  alt=\"Nexus\" >\n                    <\/picture> \n                    <\/div>\n                    <div class=\"card-body\">\n                    <a class=\"text-white siti-tematici text-decoration-none\" title=\"G\u00e5 til portalen Nexus\" target=\"_blank\" href=\"https:\/\/nexus.esteri.it\/\" rel=\"noopener\">\n                    <p class=\"card-title h4\">\n                        Nexus                    <\/p>\n                    <p class=\"card-text text-sans-serif\">\n                        Your direct channel with the Foreign Ministry\u2019s and world\u2019s Trade Offices                    <\/p>\n                    <\/a>\n                    <\/div>\n                <\/div>\n                            <div class=\"card card-teaser card-bg-primary rounded\">\n                    <div class=\"avatar siti-tematici-img size-lg me-3 rounded-0 bg-transparent\">\n                    <picture>\n                        <source type=\"image\/webp\" srcset=\"https:\/\/iiccopenaghen.esteri.it\/wp-content\/themes\/sedi-tema\/assets\/img\/icone-portali\/2x\/ico-italea-2x.webp 2x,https:\/\/iiccopenaghen.esteri.it\/wp-content\/themes\/sedi-tema\/assets\/img\/icone-portali\/1x\/ico-italea.webp 1x\" >\n                        <source type=\"image\/png\" srcset=\"https:\/\/iiccopenaghen.esteri.it\/wp-content\/themes\/sedi-tema\/assets\/img\/icone-portali\/ico-italea.png\" >\n                        <img decoding=\"async\" loading=\"lazy\" width=\"40\" height=\"40\" class=\"rounded-0\" src=\"https:\/\/iiccopenaghen.esteri.it\/wp-content\/themes\/sedi-tema\/assets\/img\/icone-portali\/ico-italea.png\"  alt=\"Italea\" >\n                    <\/picture> \n                    <\/div>\n                    <div class=\"card-body\">\n                    <a class=\"text-white siti-tematici text-decoration-none\" title=\"G\u00e5 til portalen Italea\" target=\"_blank\" href=\"https:\/\/italea.com\/\" rel=\"noopener\">\n                    <p class=\"card-title h4\">\n                        Italea                    <\/p>\n                    <p class=\"card-text text-sans-serif\">\n                        For those who want to rediscover their roots in Italy                    <\/p>\n                    <\/a>\n                    <\/div>\n                <\/div>\n                            <div class=\"card card-teaser card-bg-dark rounded\">\n                    <div class=\"avatar siti-tematici-img size-lg me-3 rounded-0 bg-transparent\">\n                    <picture>\n                        <source type=\"image\/webp\" srcset=\"https:\/\/iiccopenaghen.esteri.it\/wp-content\/themes\/sedi-tema\/assets\/img\/icone-portali\/2x\/markets-2x.webp 2x,https:\/\/iiccopenaghen.esteri.it\/wp-content\/themes\/sedi-tema\/assets\/img\/icone-portali\/1x\/markets.webp 1x\" >\n                        <source type=\"image\/png\" srcset=\"https:\/\/iiccopenaghen.esteri.it\/wp-content\/themes\/sedi-tema\/assets\/img\/icone-portali\/markets.png\" >\n                        <img decoding=\"async\" loading=\"lazy\" width=\"40\" height=\"40\" class=\"rounded-0\" src=\"https:\/\/iiccopenaghen.esteri.it\/wp-content\/themes\/sedi-tema\/assets\/img\/icone-portali\/markets.png\"  alt=\"Foreign Market Info\" >\n                    <\/picture> \n                    <\/div>\n                    <div class=\"card-body\">\n                    <a class=\"text-white siti-tematici text-decoration-none\" title=\"G\u00e5 til portalen Foreign Market Info\" target=\"_blank\" href=\"https:\/\/www.infomercatiesteri.it\/\" rel=\"noopener\">\n                    <p class=\"card-title h4\">\n                        Foreign Market Info                    <\/p>\n                    <p class=\"card-text text-sans-serif\">\n                        A highly innovative platform to meet the demand for information on foreign markets                    <\/p>\n                    <\/a>\n                    <\/div>\n                <\/div>\n                        <\/div>\n          <\/div>\n          <div class=\"row mb-4\">\n            <div class=\"col-md-12 text-center\">\n              <a class=\"btn btn-outline-primary\" target=\"_blank\" rel=\"noopener\" title=\"Udforsk alle portaler\" href=\"https:\/\/www.esteri.it\/it\/ministero\/portali-del-ministero-degli-affari-esteri\/\">Udforsk alle portaler<\/a>\n           <\/div>\n          <\/div>\n        <\/section>\n        \n        <section class=\"container-fluid pt-5 pb-5\">\n            <div class=\"container\">\n                <div class=\"row\">\n                    <div class=\"col-12 text-center mb-5\">\n                        <h3>F\u00f8lg os p\u00e5 #SoMe<\/h3>\n                    <\/div>\n                <\/div>\n                <div class=\"row \">\n                                        <div class=\"col text-end\">\n                        <a target=\"_blank\" href=\"https:\/\/www.facebook.com\/DetItalienskeKulturinstitut\" title=\"G\u00e5 til kanal facebook\" rel=\"noopener\">\n                            <picture>\n                                <source type=\"image\/webp\" srcset=\"https:\/\/iiccopenaghen.esteri.it\/wp-content\/themes\/sedi-tema\/assets\/img\/social-ico\/2x\/facebook-ico-2x.webp 2x,https:\/\/iiccopenaghen.esteri.it\/wp-content\/themes\/sedi-tema\/assets\/img\/social-ico\/1x\/facebook-ico.webp 1x\" >\n                                <source type=\"image\/png\" srcset=\"https:\/\/iiccopenaghen.esteri.it\/wp-content\/themes\/sedi-tema\/assets\/img\/social-ico\/facebook-ico.png\" >\n                                <img decoding=\"async\" loading=\"lazy\" width=\"100\" height=\"100\" src=\"https:\/\/iiccopenaghen.esteri.it\/wp-content\/themes\/sedi-tema\/assets\/img\/social-ico\/facebook-ico.png\" class=\"figure-img ico-social\" alt=\"Social facebook\" >\n                            <\/picture> \n                        <\/a>\n                    <\/div>\n                                        <div class=\"col \">\n                        <a target=\"_blank\" href=\"https:\/\/www.instagram.com\/iiccopenaghen\/\" title=\"G\u00e5 til kanal instagram\" rel=\"noopener\">\n                            <picture>\n                                <source type=\"image\/webp\" srcset=\"https:\/\/iiccopenaghen.esteri.it\/wp-content\/themes\/sedi-tema\/assets\/img\/social-ico\/2x\/instagram-ico-2x.webp 2x,https:\/\/iiccopenaghen.esteri.it\/wp-content\/themes\/sedi-tema\/assets\/img\/social-ico\/1x\/instagram-ico.webp 1x\" >\n                                <source type=\"image\/png\" srcset=\"https:\/\/iiccopenaghen.esteri.it\/wp-content\/themes\/sedi-tema\/assets\/img\/social-ico\/instagram-ico.png\" >\n                                <img decoding=\"async\" loading=\"lazy\" width=\"100\" height=\"100\" src=\"https:\/\/iiccopenaghen.esteri.it\/wp-content\/themes\/sedi-tema\/assets\/img\/social-ico\/instagram-ico.png\" class=\"figure-img ico-social\" alt=\"Social instagram\" >\n                            <\/picture> \n                        <\/a>\n                    <\/div>\n                                    <\/div>\n                <div class=\"row mb-4 mt-4\">\n                    <div class=\"col-md-12 text-center\">\n                        <a class=\"btn btn-outline-primary\" target=\"_blank\" rel=\"noopener\" title=\"Udforsk de sociale netv\u00e6rk i Farnesina-netv\u00e6rket\" href=\"https:\/\/www.esteri.it\/it\/sala_stampa\/socialfarnesina\/\">Udforsk de sociale netv\u00e6rk i Farnesina-netv\u00e6rket<\/a>\n                    <\/div>\n                <\/div>\n            <\/div>\n        <\/section>\n       \n        <!-- Blocco Banner -->\n        <section class=\"container-fluid c-line lightgrey-bg-a4 pb-5 pt-5 banners-hp\">\n          <h2 class=\"visually-hidden\">Bannerblok<\/h2>\n                      <div class=\"container\">\n                <div class=\"row\">\n                    <div class=\"col-12\">\n                        <div class=\"it-carousel-wrapper it-carousel-landscape-abstract-three-cols splide\" data-bs-carousel-splide>\n                            <div class=\"splide__track\">\n                                <ul class=\"splide__list\">\n                                                                    <li class=\"splide__slide\">\n                                        <div class=\"it-single-slide-wrapper\">\n                                            <div class=\"card-wrapper\">\n                                                <div class=\"card card-img no-after\">\n                                                    <div class=\"img-responsive-wrapper\">\n                                                        <div class=\"img-responsive\">\n                                                            <div class=\"img-wrapper\">\n                                                                <a href=\"https:\/\/www.esteri.it\/it\/politica-estera-e-cooperazione-allo-sviluppo\/aree_geografiche\/europa\/litalia-a-sostegno-dellucraina\/\" title=\"G\u00e5 til siden https:\/\/www.esteri.it\/it\/politica-estera-e-cooperazione-allo-sviluppo\/aree_geografiche\/europa\/litalia-a-sostegno-dellucraina\/\" target=\"_blank\">\n                                                                    <img decoding=\"async\" loading=\"lazy\" width=\"640\" height=\"427\" src=\"https:\/\/iiccopenaghen.esteri.it\/wp-content\/uploads\/2023\/04\/LItalia-e-il-conflitto-in-Ucraina-2-768x512.jpg\" srcset=\"https:\/\/iiccopenaghen.esteri.it\/wp-content\/uploads\/2023\/04\/LItalia-e-il-conflitto-in-Ucraina-2-300x200.jpg 300w, https:\/\/iiccopenaghen.esteri.it\/wp-content\/uploads\/2023\/04\/LItalia-e-il-conflitto-in-Ucraina-2-768x512.jpg 768w, https:\/\/iiccopenaghen.esteri.it\/wp-content\/uploads\/2023\/04\/LItalia-e-il-conflitto-in-Ucraina-2.jpg 1024w\" sizes=\"auto, (max-width: 1024px) 100vw, 1024px\" class=\"figure-img img-fluid\" alt=\"G\u00e5 til siden https:\/\/www.esteri.it\/it\/politica-estera-e-cooperazione-allo-sviluppo\/aree_geografiche\/europa\/litalia-a-sostegno-dellucraina\/\">\n                                                                <\/a>\n                                                            <\/div>\n                                                        <\/div>\n                                                    <\/div>\n                                                <\/div>\n                                            <\/div>\n                                        <\/div>\n                                    <\/li>\n                                                                    <li class=\"splide__slide\">\n                                        <div class=\"it-single-slide-wrapper\">\n                                            <div class=\"card-wrapper\">\n                                                <div class=\"card card-img no-after\">\n                                                    <div class=\"img-responsive-wrapper\">\n                                                        <div class=\"img-responsive\">\n                                                            <div class=\"img-wrapper\">\n                                                                <a href=\"https:\/\/www.esteri.it\/it\/ministero\/normativaonline\/informazioni-sugli-spostamenti-dallitalia-verso-lestero\/\" title=\"G\u00e5 til siden https:\/\/www.esteri.it\/it\/ministero\/normativaonline\/informazioni-sugli-spostamenti-dallitalia-verso-lestero\/\" target=\"_blank\">\n                                                                    <img decoding=\"async\" loading=\"lazy\" width=\"640\" height=\"421\" src=\"https:\/\/iiccopenaghen.esteri.it\/wp-content\/uploads\/2023\/04\/informazioni-sugli-spostamenti-dallitalia-verso-estero-768x505.jpg\" srcset=\"https:\/\/iiccopenaghen.esteri.it\/wp-content\/uploads\/2023\/04\/informazioni-sugli-spostamenti-dallitalia-verso-estero-300x197.jpg 300w, https:\/\/iiccopenaghen.esteri.it\/wp-content\/uploads\/2023\/04\/informazioni-sugli-spostamenti-dallitalia-verso-estero-1024x674.jpg 1024w, https:\/\/iiccopenaghen.esteri.it\/wp-content\/uploads\/2023\/04\/informazioni-sugli-spostamenti-dallitalia-verso-estero-768x505.jpg 768w, https:\/\/iiccopenaghen.esteri.it\/wp-content\/uploads\/2023\/04\/informazioni-sugli-spostamenti-dallitalia-verso-estero.jpg 1600w\" sizes=\"auto, (max-width: 1600px) 100vw, 1600px\" class=\"figure-img img-fluid\" alt=\"G\u00e5 til siden https:\/\/www.esteri.it\/it\/ministero\/normativaonline\/informazioni-sugli-spostamenti-dallitalia-verso-lestero\/\">\n                                                                <\/a>\n                                                            <\/div>\n                                                        <\/div>\n                                                    <\/div>\n                                                <\/div>\n                                            <\/div>\n                                        <\/div>\n                                    <\/li>\n                                                                    <li class=\"splide__slide\">\n                                        <div class=\"it-single-slide-wrapper\">\n                                            <div class=\"card-wrapper\">\n                                                <div class=\"card card-img no-after\">\n                                                    <div class=\"img-responsive-wrapper\">\n                                                        <div class=\"img-responsive\">\n                                                            <div class=\"img-wrapper\">\n                                                                <a href=\"https:\/\/www.italyexpo2025osaka.it\/\" title=\"G\u00e5 til siden https:\/\/www.italyexpo2025osaka.it\/\" target=\"_blank\">\n                                                                    <img decoding=\"async\" loading=\"lazy\" width=\"640\" height=\"392\" src=\"https:\/\/iiccopenaghen.esteri.it\/wp-content\/uploads\/2025\/03\/Expo-2025-Osaka-768x470.jpeg\" srcset=\"https:\/\/iiccopenaghen.esteri.it\/wp-content\/uploads\/2025\/03\/Expo-2025-Osaka-300x184.jpeg 300w, https:\/\/iiccopenaghen.esteri.it\/wp-content\/uploads\/2025\/03\/Expo-2025-Osaka-1024x627.jpeg 1024w, https:\/\/iiccopenaghen.esteri.it\/wp-content\/uploads\/2025\/03\/Expo-2025-Osaka-768x470.jpeg 768w, https:\/\/iiccopenaghen.esteri.it\/wp-content\/uploads\/2025\/03\/Expo-2025-Osaka.jpeg 1600w\" sizes=\"auto, (max-width: 1600px) 100vw, 1600px\" class=\"figure-img img-fluid\" alt=\"G\u00e5 til siden https:\/\/www.italyexpo2025osaka.it\/\">\n                                                                <\/a>\n                                                            <\/div>\n                                                        <\/div>\n                                                    <\/div>\n                                                <\/div>\n                                            <\/div>\n                                        <\/div>\n                                    <\/li>\n                                                                    <li class=\"splide__slide\">\n                                        <div class=\"it-single-slide-wrapper\">\n                                            <div class=\"card-wrapper\">\n                                                <div class=\"card card-img no-after\">\n                                                    <div class=\"img-responsive-wrapper\">\n                                                        <div class=\"img-responsive\">\n                                                            <div class=\"img-wrapper\">\n                                                                <a href=\"https:\/\/opportunitaly.gov.it\/it\" title=\"G\u00e5 til siden https:\/\/opportunitaly.gov.it\/it\" target=\"_blank\">\n                                                                    <img decoding=\"async\" loading=\"lazy\" width=\"640\" height=\"258\" src=\"https:\/\/iiccopenaghen.esteri.it\/wp-content\/uploads\/2025\/07\/oppo-1-768x310.png\" srcset=\"https:\/\/iiccopenaghen.esteri.it\/wp-content\/uploads\/2025\/07\/oppo-1-300x121.png 300w, https:\/\/iiccopenaghen.esteri.it\/wp-content\/uploads\/2025\/07\/oppo-1-1024x413.png 1024w, https:\/\/iiccopenaghen.esteri.it\/wp-content\/uploads\/2025\/07\/oppo-1-768x310.png 768w, https:\/\/iiccopenaghen.esteri.it\/wp-content\/uploads\/2025\/07\/oppo-1.png 1528w\" sizes=\"auto, (max-width: 1528px) 100vw, 1528px\" class=\"figure-img img-fluid\" alt=\"G\u00e5 til siden https:\/\/opportunitaly.gov.it\/it\">\n                                                                <\/a>\n                                                            <\/div>\n                                                        <\/div>\n                                                    <\/div>\n                                                <\/div>\n                                            <\/div>\n                                        <\/div>\n                                    <\/li>\n                                                                    <li class=\"splide__slide\">\n                                        <div class=\"it-single-slide-wrapper\">\n                                            <div class=\"card-wrapper\">\n                                                <div class=\"card card-img no-after\">\n                                                    <div class=\"img-responsive-wrapper\">\n                                                        <div class=\"img-responsive\">\n                                                            <div class=\"img-wrapper\">\n                                                                <a href=\"https:\/\/www.viaggiaresicuri.it\/download-app\" title=\"G\u00e5 til siden https:\/\/www.viaggiaresicuri.it\/download-app\" target=\"_blank\">\n                                                                    <img decoding=\"async\" loading=\"lazy\" width=\"640\" height=\"392\" src=\"https:\/\/iiccopenaghen.esteri.it\/wp-content\/uploads\/2025\/03\/Viaggiare-Sicuri-768x470.jpg\" srcset=\"https:\/\/iiccopenaghen.esteri.it\/wp-content\/uploads\/2025\/03\/Viaggiare-Sicuri-300x184.jpg 300w, https:\/\/iiccopenaghen.esteri.it\/wp-content\/uploads\/2025\/03\/Viaggiare-Sicuri-768x470.jpg 768w, https:\/\/iiccopenaghen.esteri.it\/wp-content\/uploads\/2025\/03\/Viaggiare-Sicuri.jpg 867w\" sizes=\"auto, (max-width: 867px) 100vw, 867px\" class=\"figure-img img-fluid\" alt=\"G\u00e5 til siden https:\/\/www.viaggiaresicuri.it\/download-app\">\n                                                                <\/a>\n                                                            <\/div>\n                                                        <\/div>\n                                                    <\/div>\n                                                <\/div>\n                                            <\/div>\n                                        <\/div>\n                                    <\/li>\n                                                                <\/ul>\n                            <\/div>\n                        <\/div>\n                    <\/div>\n                <\/div>\n            <\/div>\n                  <\/section>\n        \n","protected":false},"excerpt":{"rendered":"","protected":false},"author":1,"featured_media":0,"parent":0,"menu_order":0,"comment_status":"closed","ping_status":"closed","template":"page-home.php","meta":{"footnotes":""},"class_list":["post-73","page","type-page","status-publish","hentry"],"_links":{"self":[{"href":"https:\/\/iiccopenaghen.esteri.it\/da\/wp-json\/wp\/v2\/pages\/73","targetHints":{"allow":["GET"]}}],"collection":[{"href":"https:\/\/iiccopenaghen.esteri.it\/da\/wp-json\/wp\/v2\/pages"}],"about":[{"href":"https:\/\/iiccopenaghen.esteri.it\/da\/wp-json\/wp\/v2\/types\/page"}],"author":[{"embeddable":true,"href":"https:\/\/iiccopenaghen.esteri.it\/da\/wp-json\/wp\/v2\/users\/1"}],"replies":[{"embeddable":true,"href":"https:\/\/iiccopenaghen.esteri.it\/da\/wp-json\/wp\/v2\/comments?post=73"}],"version-history":[{"count":5,"href":"https:\/\/iiccopenaghen.esteri.it\/da\/wp-json\/wp\/v2\/pages\/73\/revisions"}],"predecessor-version":[{"id":158,"href":"https:\/\/iiccopenaghen.esteri.it\/da\/wp-json\/wp\/v2\/pages\/73\/revisions\/158"}],"wp:attachment":[{"href":"https:\/\/iiccopenaghen.esteri.it\/da\/wp-json\/wp\/v2\/media?parent=73"}],"curies":[{"name":"wp","href":"https:\/\/api.w.org\/{rel}","templated":true}]}}