{"id":4059,"date":"2024-07-18T12:21:08","date_gmt":"2024-07-18T10:21:08","guid":{"rendered":"https:\/\/iiccopenaghen.esteri.it\/eventi\/archivio-eventi\/"},"modified":"2024-11-08T18:14:02","modified_gmt":"2024-11-08T17:14:02","slug":"archivio-eventi","status":"publish","type":"page","link":"https:\/\/iiccopenaghen.esteri.it\/da\/eventi\/archivio-eventi\/","title":{"rendered":"Arkiv"},"content":{"rendered":"        <div class=\"row\">\n\t\t\t<!-- Ricerca sedi post -->\n\t\t\t<div class=\"col-12 mt-4\">\n\t\t\t  <div class=\"callout callout-highlight note ricerca-esteri p-4\">\n                    <div class=\"callout-title\">\n                        <svg class=\"icon\">\n                            <use xlink:href=\"https:\/\/iiccopenaghen.esteri.it\/wp-content\/themes\/sedi-tema\/assets\/svg\/sprites.svg#it-search\"><\/use>\n                        <\/svg>Indtast dine s\u00f8geparametre                    <\/div>\n                    <form id=\"searchFormPost\" name=\"form-search-post\" class=\"form-row align-items-center\" action=\"https:\/\/iiccopenaghen.esteri.it\/da\/wp-json\/wp\/v2\/pages\/4059\/\" method=\"GET\"> \n                        <!-- <div class=\"form-group pt-5\"> -->\n                            <!-- <input type=\"hidden\" id=\"lang\" name=\"lang\" value=\"\"> --> <!-- <\/div> -->\n\n                        <div class=\"it-datepicker-wrapper\">\n                            <div class=\"row\">\n                                <div class=\"form-group col-md-6\">\n                                    <label class=\"active\" for=\"date-init\">S<\/label>\n                                    <input class=\"form-control\" name=\"date-init\" id=\"date-init\" type=\"date\" placeholder=\"gg\/mm\/aaaa\" value=\"\"lang=\"en-EN\">  \n                                <\/div>\n                                <div class=\"form-group col-md-6\">\n                                    <label class=\"active\" for=\"date-end\">K<\/label>\n                                    <input class=\"form-control\" name=\"date-end\" id=\"date-end\" type=\"date\" placeholder=\"gg\/mm\/aaaa\" value=\"\">\n                                <\/div>\n                            <\/div>\n                        <\/div>\n                        <div class=\"form-group col-md-12 mt-3\">\n                            <label for=\"searchText\">S\u00f8gefelt<\/label>\n                            <input type=\"text\" name=\"searchText\" class=\"form-control\" id=\"searchText\" value=\"\">\n                        <\/div>\n                        <div class=\"form-group col-md-4 offset-md-8 text-end\">\n                            <a href=\"https:\/\/iiccopenaghen.esteri.it\/da\/eventi\/archivio-eventi\/\" title=\"Form reset\" id=\"resetImput\" class=\"btn btn-outline-primary btn-xs\">Reset<\/a>\n                            <button type=\"submit\" class=\"btn btn-primary btn-xs\">Vis resultater<\/button>\n                        <\/div>\n                    <\/form>\n\t\t\t\t<\/div>\n\t\t\t<\/div>\n\t\t<\/div>\n                    \n            <div class=\"row\">\n                            <div class=\"col-12 mt-3\">\n                <!--start card-->\n                <div class=\"card-wrapper card-space\">\n                    <div class=\"card card-bg card-big border-bottom-card\">\n                        <div class=\"card-body row\">\n                                                    <div class=\"col-sm-3\">\n                                <div class=\"img-responsive\">\n                                    <figure class=\"img-wrapper\">\n                                        <a href=\"https:\/\/iiccopenaghen.esteri.it\/da\/gli_eventi\/calendario\/concerto-tosti\/\" title=\"L\u00e6s artiklen: Koncert: Tosti\">\n                                                                                            <img loading=\"lazy\" decoding=\"async\" width=\"300\" height=\"300\" src=\"https:\/\/iiccopenaghen.esteri.it\/wp-content\/uploads\/2026\/02\/b8816b_c7bd474084044547abca65cb81f8668amv2-300x300.png\" srcset=\"https:\/\/iiccopenaghen.esteri.it\/wp-content\/uploads\/2026\/02\/b8816b_c7bd474084044547abca65cb81f8668amv2.png 844w, https:\/\/iiccopenaghen.esteri.it\/wp-content\/uploads\/2026\/02\/b8816b_c7bd474084044547abca65cb81f8668amv2-300x300.png 300w, https:\/\/iiccopenaghen.esteri.it\/wp-content\/uploads\/2026\/02\/b8816b_c7bd474084044547abca65cb81f8668amv2-150x150.png 150w, https:\/\/iiccopenaghen.esteri.it\/wp-content\/uploads\/2026\/02\/b8816b_c7bd474084044547abca65cb81f8668amv2-768x768.png 768w\" sizes=\"auto, (max-width: 844px) 100vw, 844px\"  title=\"b8816b_c7bd474084044547abca65cb81f8668a~mv2\" alt=\"\" class=\"img-fluid\">\n                                                                                    <\/a>\n                                    <\/figure>\n                                <\/div>\n                            <\/div>\n                            <div class=\"col-sm-9\">\n                                                            <div class=\"category-top\">\n                                    <span class=\"fw-bold text-danger\">Afsluttet<\/span>                                                                        <span class=\"data\">\n                                        <svg class=\"icon icon-secondary\">\n                                            <use xlink:href=\"https:\/\/iiccopenaghen.esteri.it\/wp-content\/themes\/sedi-tema\/assets\/svg\/sprites.svg#it-calendar\"><\/use>\n                                        <\/svg> s\u00f8n apr 26 2026                                    <\/span>\n                                                                    <\/div>\n                            <h5 class=\"card-title big-heading text-uppercase\"><a class=\"text-body text-decoration-none\" href=\"https:\/\/iiccopenaghen.esteri.it\/da\/gli_eventi\/calendario\/concerto-tosti\/\" title=\"Koncert: Tosti\">Koncert: Tosti<\/a><\/h5>\n                            <p class=\"card-text\">Koncert arrangeret af Operettekompagniet med musik af Tosti, pr\u00e6senteret af Jonathan Koppel, Thomas Peter Koppel og Irene Hasager.<\/p>\n                                <a title=\"Koncert: Tosti\" class=\"read-more\" href=\"https:\/\/iiccopenaghen.esteri.it\/da\/gli_eventi\/calendario\/concerto-tosti\/\">\n                                    <span class=\"text\">L\u00e6s mere<\/span>\n                                    <svg class=\"icon\">\n                                    <use xlink:href=\"https:\/\/iiccopenaghen.esteri.it\/wp-content\/themes\/sedi-tema\/assets\/svg\/sprites.svg#it-arrow-right\"><\/use>\n                                    <\/svg>\n                                <\/a>\n                                                        <\/div>\n                                                    <\/div>\n                    <\/div>\n                <\/div>\n                <!--end card-->\n                <\/div><!-- col-12 .mt-3-->\n                            <div class=\"col-12 mt-3\">\n                <!--start card-->\n                <div class=\"card-wrapper card-space\">\n                    <div class=\"card card-bg card-big border-bottom-card\">\n                        <div class=\"card-body row\">\n                                                    <div class=\"col-sm-3\">\n                                <div class=\"img-responsive\">\n                                    <figure class=\"img-wrapper\">\n                                        <a href=\"https:\/\/iiccopenaghen.esteri.it\/da\/gli_eventi\/calendario\/italian-research-day-in-denmark-2026\/\" title=\"L\u00e6s artiklen: ITALIAN RESEARCH DAY IN DENMARK 2026\">\n                                                                                            <img loading=\"lazy\" decoding=\"async\" width=\"240\" height=\"300\" src=\"https:\/\/iiccopenaghen.esteri.it\/wp-content\/uploads\/2026\/03\/AI-Resilience-and-Digital-Sovereignty-3-1-240x300.png\" srcset=\"https:\/\/iiccopenaghen.esteri.it\/wp-content\/uploads\/2026\/03\/AI-Resilience-and-Digital-Sovereignty-3-1.png 1080w, https:\/\/iiccopenaghen.esteri.it\/wp-content\/uploads\/2026\/03\/AI-Resilience-and-Digital-Sovereignty-3-1-240x300.png 240w, https:\/\/iiccopenaghen.esteri.it\/wp-content\/uploads\/2026\/03\/AI-Resilience-and-Digital-Sovereignty-3-1-819x1024.png 819w, https:\/\/iiccopenaghen.esteri.it\/wp-content\/uploads\/2026\/03\/AI-Resilience-and-Digital-Sovereignty-3-1-768x960.png 768w\" sizes=\"auto, (max-width: 1080px) 100vw, 1080px\"  title=\"AI, Resilience and Digital Sovereignty (3)\" alt=\"\" class=\"img-fluid\">\n                                                                                    <\/a>\n                                    <\/figure>\n                                <\/div>\n                            <\/div>\n                            <div class=\"col-sm-9\">\n                                                            <div class=\"category-top\">\n                                    <span class=\"fw-bold text-danger\">Afsluttet<\/span>                                                                        <span class=\"data\">\n                                        <svg class=\"icon icon-secondary\">\n                                            <use xlink:href=\"https:\/\/iiccopenaghen.esteri.it\/wp-content\/themes\/sedi-tema\/assets\/svg\/sprites.svg#it-calendar\"><\/use>\n                                        <\/svg> ons apr 22 2026                                    <\/span>\n                                                                    <\/div>\n                            <h5 class=\"card-title big-heading text-uppercase\"><a class=\"text-body text-decoration-none\" href=\"https:\/\/iiccopenaghen.esteri.it\/da\/gli_eventi\/calendario\/italian-research-day-in-denmark-2026\/\" title=\"ITALIAN RESEARCH DAY IN DENMARK 2026\">ITALIAN RESEARCH DAY IN DENMARK 2026<\/a><\/h5>\n                            <p class=\"card-text\">Italian Research Day in the World is an annual initiative of the Italian Ministry of Foreign Affairs and International Cooperation to showcase the contribution of Italian research abroad and strengthen international partnerships.<\/p>\n                                <a title=\"ITALIAN RESEARCH DAY IN DENMARK 2026\" class=\"read-more\" href=\"https:\/\/iiccopenaghen.esteri.it\/da\/gli_eventi\/calendario\/italian-research-day-in-denmark-2026\/\">\n                                    <span class=\"text\">L\u00e6s mere<\/span>\n                                    <svg class=\"icon\">\n                                    <use xlink:href=\"https:\/\/iiccopenaghen.esteri.it\/wp-content\/themes\/sedi-tema\/assets\/svg\/sprites.svg#it-arrow-right\"><\/use>\n                                    <\/svg>\n                                <\/a>\n                                                        <\/div>\n                                                    <\/div>\n                    <\/div>\n                <\/div>\n                <!--end card-->\n                <\/div><!-- col-12 .mt-3-->\n                            <div class=\"col-12 mt-3\">\n                <!--start card-->\n                <div class=\"card-wrapper card-space\">\n                    <div class=\"card card-bg card-big border-bottom-card\">\n                        <div class=\"card-body row\">\n                                                    <div class=\"col-sm-3\">\n                                <div class=\"img-responsive\">\n                                    <figure class=\"img-wrapper\">\n                                        <a href=\"https:\/\/iiccopenaghen.esteri.it\/da\/gli_eventi\/calendario\/melania-g-mazzucco-a-copenaghen\/\" title=\"L\u00e6s artiklen: Forfatter Melania G. Mazzucco bes\u00f8ger K\u00f8benhavn\">\n                                                                                            <img loading=\"lazy\" decoding=\"async\" width=\"300\" height=\"193\" src=\"https:\/\/iiccopenaghen.esteri.it\/wp-content\/uploads\/2026\/04\/800x514-px-x-event.it-6-300x193.png\" srcset=\"https:\/\/iiccopenaghen.esteri.it\/wp-content\/uploads\/2026\/04\/800x514-px-x-event.it-6.png 800w, https:\/\/iiccopenaghen.esteri.it\/wp-content\/uploads\/2026\/04\/800x514-px-x-event.it-6-300x193.png 300w, https:\/\/iiccopenaghen.esteri.it\/wp-content\/uploads\/2026\/04\/800x514-px-x-event.it-6-768x493.png 768w\" sizes=\"auto, (max-width: 800px) 100vw, 800px\"  title=\"800&#215;514 px x event.it (6)\" alt=\"\" class=\"img-fluid\">\n                                                                                    <\/a>\n                                    <\/figure>\n                                <\/div>\n                            <\/div>\n                            <div class=\"col-sm-9\">\n                                                            <div class=\"category-top\">\n                                    <span class=\"fw-bold text-danger\">Afsluttet<\/span>                                                                        <span class=\"data\">\n                                        <svg class=\"icon icon-secondary\">\n                                            <use xlink:href=\"https:\/\/iiccopenaghen.esteri.it\/wp-content\/themes\/sedi-tema\/assets\/svg\/sprites.svg#it-calendar\"><\/use>\n                                        <\/svg> tirs apr 21 2026                                    <\/span>\n                                                                    <\/div>\n                            <h5 class=\"card-title big-heading text-uppercase\"><a class=\"text-body text-decoration-none\" href=\"https:\/\/iiccopenaghen.esteri.it\/da\/gli_eventi\/calendario\/melania-g-mazzucco-a-copenaghen\/\" title=\"Forfatter Melania G. Mazzucco bes\u00f8ger K\u00f8benhavn\">Forfatter Melania G. Mazzucco bes\u00f8ger K\u00f8benhavn<\/a><\/h5>\n                            <p class=\"card-text\">Forfatter Melania G. Mazzucco g\u00e6ster K\u00f8benhavn ved to arrangementer, et p\u00e5 Det Italienske Kulturinstitut tirsdag den 21. april og et p\u00e5 K\u00f8benhavns Universitet onsdag den 22. april, for blandt andet at tale om sin roman Arkitektinden, der for nylig er udgivet i dansk overs\u00e6ttelse.<\/p>\n                                <a title=\"Forfatter Melania G. Mazzucco bes\u00f8ger K\u00f8benhavn\" class=\"read-more\" href=\"https:\/\/iiccopenaghen.esteri.it\/da\/gli_eventi\/calendario\/melania-g-mazzucco-a-copenaghen\/\">\n                                    <span class=\"text\">L\u00e6s mere<\/span>\n                                    <svg class=\"icon\">\n                                    <use xlink:href=\"https:\/\/iiccopenaghen.esteri.it\/wp-content\/themes\/sedi-tema\/assets\/svg\/sprites.svg#it-arrow-right\"><\/use>\n                                    <\/svg>\n                                <\/a>\n                                                        <\/div>\n                                                    <\/div>\n                    <\/div>\n                <\/div>\n                <!--end card-->\n                <\/div><!-- col-12 .mt-3-->\n                            <div class=\"col-12 mt-3\">\n                <!--start card-->\n                <div class=\"card-wrapper card-space\">\n                    <div class=\"card card-bg card-big border-bottom-card\">\n                        <div class=\"card-body row\">\n                                                    <div class=\"col-sm-3\">\n                                <div class=\"img-responsive\">\n                                    <figure class=\"img-wrapper\">\n                                        <a href=\"https:\/\/iiccopenaghen.esteri.it\/da\/gli_eventi\/calendario\/simone-massi-a-cinemateket\/\" title=\"L\u00e6s artiklen: Simone Massi i Cinemateket\">\n                                                                                            <img loading=\"lazy\" decoding=\"async\" width=\"300\" height=\"160\" src=\"https:\/\/iiccopenaghen.esteri.it\/wp-content\/uploads\/2026\/03\/Nowhere-5-300x160.jpg\" srcset=\"https:\/\/iiccopenaghen.esteri.it\/wp-content\/uploads\/2026\/03\/Nowhere-5.jpg 1920w, https:\/\/iiccopenaghen.esteri.it\/wp-content\/uploads\/2026\/03\/Nowhere-5-300x160.jpg 300w, https:\/\/iiccopenaghen.esteri.it\/wp-content\/uploads\/2026\/03\/Nowhere-5-1024x548.jpg 1024w, https:\/\/iiccopenaghen.esteri.it\/wp-content\/uploads\/2026\/03\/Nowhere-5-768x411.jpg 768w\" sizes=\"auto, (max-width: 1920px) 100vw, 1920px\"  title=\"Nowhere 5\" alt=\"\" class=\"img-fluid\">\n                                                                                    <\/a>\n                                    <\/figure>\n                                <\/div>\n                            <\/div>\n                            <div class=\"col-sm-9\">\n                                                            <div class=\"category-top\">\n                                    <span class=\"fw-bold text-danger\">Afsluttet<\/span>                                                                        <span class=\"data\">\n                                        <svg class=\"icon icon-secondary\">\n                                            <use xlink:href=\"https:\/\/iiccopenaghen.esteri.it\/wp-content\/themes\/sedi-tema\/assets\/svg\/sprites.svg#it-calendar\"><\/use>\n                                        <\/svg> l\u00f8r apr 11 2026<svg class=\"icon icon-xs icon-secondary me-1 ms-1\"><use href=\"https:\/\/iiccopenaghen.esteri.it\/wp-content\/themes\/sedi-tema\/assets\/svg\/sprites.svg#it-arrow-right\"><\/use><\/svg>s\u00f8n apr 12 2026                                    <\/span>\n                                                                    <\/div>\n                            <h5 class=\"card-title big-heading text-uppercase\"><a class=\"text-body text-decoration-none\" href=\"https:\/\/iiccopenaghen.esteri.it\/da\/gli_eventi\/calendario\/simone-massi-a-cinemateket\/\" title=\"Simone Massi i Cinemateket\">Simone Massi i Cinemateket<\/a><\/h5>\n                            <p class=\"card-text\">Det Italienske Kulturinstitut og Cinemateket inviterer til et m\u00f8de med den i Danmark stadig ukendte, men dybt originale italienske animator, Simone Massi, hvis korte animationsfilm har vundet over 200 priser p\u00e5 fem kontinenter.<\/p>\n                                <a title=\"Simone Massi i Cinemateket\" class=\"read-more\" href=\"https:\/\/iiccopenaghen.esteri.it\/da\/gli_eventi\/calendario\/simone-massi-a-cinemateket\/\">\n                                    <span class=\"text\">L\u00e6s mere<\/span>\n                                    <svg class=\"icon\">\n                                    <use xlink:href=\"https:\/\/iiccopenaghen.esteri.it\/wp-content\/themes\/sedi-tema\/assets\/svg\/sprites.svg#it-arrow-right\"><\/use>\n                                    <\/svg>\n                                <\/a>\n                                                        <\/div>\n                                                    <\/div>\n                    <\/div>\n                <\/div>\n                <!--end card-->\n                <\/div><!-- col-12 .mt-3-->\n                            <div class=\"col-12 mt-3\">\n                <!--start card-->\n                <div class=\"card-wrapper card-space\">\n                    <div class=\"card card-bg card-big border-bottom-card\">\n                        <div class=\"card-body row\">\n                                                    <div class=\"col-sm-3\">\n                                <div class=\"img-responsive\">\n                                    <figure class=\"img-wrapper\">\n                                        <a href=\"https:\/\/iiccopenaghen.esteri.it\/da\/gli_eventi\/calendario\/selected-topics-on-danish-taxation-and-social-security\/\" title=\"L\u00e6s artiklen: ARSID Topical Seminar: Danish Taxation and Social Security\">\n                                                                                            <img loading=\"lazy\" decoding=\"async\" width=\"300\" height=\"157\" src=\"https:\/\/iiccopenaghen.esteri.it\/wp-content\/uploads\/2026\/02\/Progetto-senza-titolo-11-300x157.png\" srcset=\"https:\/\/iiccopenaghen.esteri.it\/wp-content\/uploads\/2026\/02\/Progetto-senza-titolo-11.png 1200w, https:\/\/iiccopenaghen.esteri.it\/wp-content\/uploads\/2026\/02\/Progetto-senza-titolo-11-300x157.png 300w, https:\/\/iiccopenaghen.esteri.it\/wp-content\/uploads\/2026\/02\/Progetto-senza-titolo-11-1024x536.png 1024w, https:\/\/iiccopenaghen.esteri.it\/wp-content\/uploads\/2026\/02\/Progetto-senza-titolo-11-768x402.png 768w\" sizes=\"auto, (max-width: 1200px) 100vw, 1200px\"  title=\"Progetto senza titolo (11)\" alt=\"\" class=\"img-fluid\">\n                                                                                    <\/a>\n                                    <\/figure>\n                                <\/div>\n                            <\/div>\n                            <div class=\"col-sm-9\">\n                                                            <div class=\"category-top\">\n                                    <span class=\"fw-bold text-danger\">Afsluttet<\/span>                                                                        <span class=\"data\">\n                                        <svg class=\"icon icon-secondary\">\n                                            <use xlink:href=\"https:\/\/iiccopenaghen.esteri.it\/wp-content\/themes\/sedi-tema\/assets\/svg\/sprites.svg#it-calendar\"><\/use>\n                                        <\/svg> ons mar 25 2026                                    <\/span>\n                                                                    <\/div>\n                            <h5 class=\"card-title big-heading text-uppercase\"><a class=\"text-body text-decoration-none\" href=\"https:\/\/iiccopenaghen.esteri.it\/da\/gli_eventi\/calendario\/selected-topics-on-danish-taxation-and-social-security\/\" title=\"ARSID Topical Seminar: Danish Taxation and Social Security\">ARSID Topical Seminar: Danish Taxation and Social Security<\/a><\/h5>\n                            <p class=\"card-text\">Through a series of expert presentations, participants will receive practical guidance on essential topics, including: Unemployment insurance fund and salary insurance, presented by Krifa; Purchase and inheritance of property in Italy (and Denmark), with insights from Advokathuset Bredgade; How to establish a business in Denmark, including requirements and registration procedures, presented by Danitacom; Doing business in Denmark: Key tax considerations, by KPMG Acor Tax.\u00a0<\/p>\n                                <a title=\"ARSID Topical Seminar: Danish Taxation and Social Security\" class=\"read-more\" href=\"https:\/\/iiccopenaghen.esteri.it\/da\/gli_eventi\/calendario\/selected-topics-on-danish-taxation-and-social-security\/\">\n                                    <span class=\"text\">L\u00e6s mere<\/span>\n                                    <svg class=\"icon\">\n                                    <use xlink:href=\"https:\/\/iiccopenaghen.esteri.it\/wp-content\/themes\/sedi-tema\/assets\/svg\/sprites.svg#it-arrow-right\"><\/use>\n                                    <\/svg>\n                                <\/a>\n                                                        <\/div>\n                                                    <\/div>\n                    <\/div>\n                <\/div>\n                <!--end card-->\n                <\/div><!-- col-12 .mt-3-->\n                            <div class=\"col-12 mt-3\">\n                <!--start card-->\n                <div class=\"card-wrapper card-space\">\n                    <div class=\"card card-bg card-big border-bottom-card\">\n                        <div class=\"card-body row\">\n                                                    <div class=\"col-sm-3\">\n                                <div class=\"img-responsive\">\n                                    <figure class=\"img-wrapper\">\n                                        <a href=\"https:\/\/iiccopenaghen.esteri.it\/da\/gli_eventi\/calendario\/parola-e-interiorita-una-serata-di-poesia-italo-danese\/\" title=\"L\u00e6s artiklen: Ord og inderlighed. En dansk-italiensk poesikv\u00e6ld\">\n                                                                                            <img loading=\"lazy\" decoding=\"async\" width=\"300\" height=\"195\" src=\"https:\/\/iiccopenaghen.esteri.it\/wp-content\/uploads\/2026\/02\/poesia-1-300x195.png\" srcset=\"https:\/\/iiccopenaghen.esteri.it\/wp-content\/uploads\/2026\/02\/poesia-1.png 947w, https:\/\/iiccopenaghen.esteri.it\/wp-content\/uploads\/2026\/02\/poesia-1-300x195.png 300w, https:\/\/iiccopenaghen.esteri.it\/wp-content\/uploads\/2026\/02\/poesia-1-768x499.png 768w\" sizes=\"auto, (max-width: 947px) 100vw, 947px\"  title=\"poesia 1\" alt=\"\" class=\"img-fluid\">\n                                                                                    <\/a>\n                                    <\/figure>\n                                <\/div>\n                            <\/div>\n                            <div class=\"col-sm-9\">\n                                                            <div class=\"category-top\">\n                                    <span class=\"fw-bold text-danger\">Afsluttet<\/span>                                                                        <span class=\"data\">\n                                        <svg class=\"icon icon-secondary\">\n                                            <use xlink:href=\"https:\/\/iiccopenaghen.esteri.it\/wp-content\/themes\/sedi-tema\/assets\/svg\/sprites.svg#it-calendar\"><\/use>\n                                        <\/svg> man mar 23 2026                                    <\/span>\n                                                                    <\/div>\n                            <h5 class=\"card-title big-heading text-uppercase\"><a class=\"text-body text-decoration-none\" href=\"https:\/\/iiccopenaghen.esteri.it\/da\/gli_eventi\/calendario\/parola-e-interiorita-una-serata-di-poesia-italo-danese\/\" title=\"Ord og inderlighed. En dansk-italiensk poesikv\u00e6ld\">Ord og inderlighed. En dansk-italiensk poesikv\u00e6ld<\/a><\/h5>\n                            <p class=\"card-text\">I anledning af\u00a0UNESCO\u2019s Verdenspoesidag inviterer Det Italienske Kulturinstitut i K\u00f8benhavn\u00a0til en aften med levende ord og kulturel udveksling mellem Italien og Danmark.<\/p>\n                                <a title=\"Ord og inderlighed. En dansk-italiensk poesikv\u00e6ld\" class=\"read-more\" href=\"https:\/\/iiccopenaghen.esteri.it\/da\/gli_eventi\/calendario\/parola-e-interiorita-una-serata-di-poesia-italo-danese\/\">\n                                    <span class=\"text\">L\u00e6s mere<\/span>\n                                    <svg class=\"icon\">\n                                    <use xlink:href=\"https:\/\/iiccopenaghen.esteri.it\/wp-content\/themes\/sedi-tema\/assets\/svg\/sprites.svg#it-arrow-right\"><\/use>\n                                    <\/svg>\n                                <\/a>\n                                                        <\/div>\n                                                    <\/div>\n                    <\/div>\n                <\/div>\n                <!--end card-->\n                <\/div><!-- col-12 .mt-3-->\n                            <div class=\"col-12 mt-3\">\n                <!--start card-->\n                <div class=\"card-wrapper card-space\">\n                    <div class=\"card card-bg card-big border-bottom-card\">\n                        <div class=\"card-body row\">\n                                                    <div class=\"col-sm-3\">\n                                <div class=\"img-responsive\">\n                                    <figure class=\"img-wrapper\">\n                                        <a href=\"https:\/\/iiccopenaghen.esteri.it\/da\/gli_eventi\/calendario\/11684\/\" title=\"L\u00e6s artiklen: Rhythms &#038; Spritz\">\n                                                                                            <img loading=\"lazy\" decoding=\"async\" width=\"300\" height=\"212\" src=\"https:\/\/iiccopenaghen.esteri.it\/wp-content\/uploads\/2026\/02\/Rhythms-and-Spritz-300x212.png\" srcset=\"https:\/\/iiccopenaghen.esteri.it\/wp-content\/uploads\/2026\/02\/Rhythms-and-Spritz.png 1920w, https:\/\/iiccopenaghen.esteri.it\/wp-content\/uploads\/2026\/02\/Rhythms-and-Spritz-300x212.png 300w, https:\/\/iiccopenaghen.esteri.it\/wp-content\/uploads\/2026\/02\/Rhythms-and-Spritz-1024x724.png 1024w, https:\/\/iiccopenaghen.esteri.it\/wp-content\/uploads\/2026\/02\/Rhythms-and-Spritz-768x543.png 768w\" sizes=\"auto, (max-width: 1920px) 100vw, 1920px\"  title=\"Rhythms and Spritz\" alt=\"\" class=\"img-fluid\">\n                                                                                    <\/a>\n                                    <\/figure>\n                                <\/div>\n                            <\/div>\n                            <div class=\"col-sm-9\">\n                                                            <div class=\"category-top\">\n                                    <span class=\"fw-bold text-danger\">Afsluttet<\/span>                                                                        <span class=\"data\">\n                                        <svg class=\"icon icon-secondary\">\n                                            <use xlink:href=\"https:\/\/iiccopenaghen.esteri.it\/wp-content\/themes\/sedi-tema\/assets\/svg\/sprites.svg#it-calendar\"><\/use>\n                                        <\/svg> tors mar 19 2026<svg class=\"icon icon-xs icon-secondary me-1 ms-1\"><use href=\"https:\/\/iiccopenaghen.esteri.it\/wp-content\/themes\/sedi-tema\/assets\/svg\/sprites.svg#it-arrow-right\"><\/use><\/svg>tors mar 19 2026                                    <\/span>\n                                                                    <\/div>\n                            <h5 class=\"card-title big-heading text-uppercase\"><a class=\"text-body text-decoration-none\" href=\"https:\/\/iiccopenaghen.esteri.it\/da\/gli_eventi\/calendario\/11684\/\" title=\"Rhythms &#038; Spritz\">Rhythms &#038; Spritz<\/a><\/h5>\n                            <p class=\"card-text\">Join us for\u00a0Rhythms &amp; Spritz.\r\nAn evening where\u00a0MUSIC\u00a0and\u00a0FLAVORS\u00a0come together!\r\nWith DJ set\u00a0featuring\u00a0Dj Lago and The Admiral.<\/p>\n                                <a title=\"Rhythms &#038; Spritz\" class=\"read-more\" href=\"https:\/\/iiccopenaghen.esteri.it\/da\/gli_eventi\/calendario\/11684\/\">\n                                    <span class=\"text\">L\u00e6s mere<\/span>\n                                    <svg class=\"icon\">\n                                    <use xlink:href=\"https:\/\/iiccopenaghen.esteri.it\/wp-content\/themes\/sedi-tema\/assets\/svg\/sprites.svg#it-arrow-right\"><\/use>\n                                    <\/svg>\n                                <\/a>\n                                                        <\/div>\n                                                    <\/div>\n                    <\/div>\n                <\/div>\n                <!--end card-->\n                <\/div><!-- col-12 .mt-3-->\n                            <div class=\"col-12 mt-3\">\n                <!--start card-->\n                <div class=\"card-wrapper card-space\">\n                    <div class=\"card card-bg card-big border-bottom-card\">\n                        <div class=\"card-body row\">\n                                                    <div class=\"col-sm-3\">\n                                <div class=\"img-responsive\">\n                                    <figure class=\"img-wrapper\">\n                                        <a href=\"https:\/\/iiccopenaghen.esteri.it\/da\/gli_eventi\/calendario\/masterclass-vini-dei-vulcani-da-nord-a-sud\/\" title=\"L\u00e6s artiklen: Masterclass: Vulkanernes vine \u2013 fra nord til syd\">\n                                                                                            <img loading=\"lazy\" decoding=\"async\" width=\"300\" height=\"200\" src=\"https:\/\/iiccopenaghen.esteri.it\/wp-content\/uploads\/2026\/03\/soil-vesuvio-300x200.jpg\" srcset=\"https:\/\/iiccopenaghen.esteri.it\/wp-content\/uploads\/2026\/03\/soil-vesuvio.jpg 1920w, https:\/\/iiccopenaghen.esteri.it\/wp-content\/uploads\/2026\/03\/soil-vesuvio-300x200.jpg 300w, https:\/\/iiccopenaghen.esteri.it\/wp-content\/uploads\/2026\/03\/soil-vesuvio-1024x682.jpg 1024w, https:\/\/iiccopenaghen.esteri.it\/wp-content\/uploads\/2026\/03\/soil-vesuvio-768x512.jpg 768w\" sizes=\"auto, (max-width: 1920px) 100vw, 1920px\"  title=\"soil vesuvio\" alt=\"\" class=\"img-fluid\">\n                                                                                    <\/a>\n                                    <\/figure>\n                                <\/div>\n                            <\/div>\n                            <div class=\"col-sm-9\">\n                                                            <div class=\"category-top\">\n                                    <span class=\"fw-bold text-danger\">Afsluttet<\/span>                                                                        <span class=\"data\">\n                                        <svg class=\"icon icon-secondary\">\n                                            <use xlink:href=\"https:\/\/iiccopenaghen.esteri.it\/wp-content\/themes\/sedi-tema\/assets\/svg\/sprites.svg#it-calendar\"><\/use>\n                                        <\/svg> ons mar 18 2026                                    <\/span>\n                                                                    <\/div>\n                            <h5 class=\"card-title big-heading text-uppercase\"><a class=\"text-body text-decoration-none\" href=\"https:\/\/iiccopenaghen.esteri.it\/da\/gli_eventi\/calendario\/masterclass-vini-dei-vulcani-da-nord-a-sud\/\" title=\"Masterclass: Vulkanernes vine \u2013 fra nord til syd\">Masterclass: Vulkanernes vine \u2013 fra nord til syd<\/a><\/h5>\n                            <p class=\"card-text\">Enoteka og Det Italienske Kulturinstitut inviterer til en fascinerende masterclass om vin fra Italiens vulkanske terroirs.<\/p>\n                                <a title=\"Masterclass: Vulkanernes vine \u2013 fra nord til syd\" class=\"read-more\" href=\"https:\/\/iiccopenaghen.esteri.it\/da\/gli_eventi\/calendario\/masterclass-vini-dei-vulcani-da-nord-a-sud\/\">\n                                    <span class=\"text\">L\u00e6s mere<\/span>\n                                    <svg class=\"icon\">\n                                    <use xlink:href=\"https:\/\/iiccopenaghen.esteri.it\/wp-content\/themes\/sedi-tema\/assets\/svg\/sprites.svg#it-arrow-right\"><\/use>\n                                    <\/svg>\n                                <\/a>\n                                                        <\/div>\n                                                    <\/div>\n                    <\/div>\n                <\/div>\n                <!--end card-->\n                <\/div><!-- col-12 .mt-3-->\n                            <div class=\"col-12 mt-3\">\n                <!--start card-->\n                <div class=\"card-wrapper card-space\">\n                    <div class=\"card card-bg card-big border-bottom-card\">\n                        <div class=\"card-body row\">\n                                                    <div class=\"col-sm-3\">\n                                <div class=\"img-responsive\">\n                                    <figure class=\"img-wrapper\">\n                                        <a href=\"https:\/\/iiccopenaghen.esteri.it\/da\/gli_eventi\/calendario\/il-corpo-questo-sconosciuto\/\" title=\"L\u00e6s artiklen: Workshop: \u2018The body, this stranger\u2019\">\n                                                                                            <img loading=\"lazy\" decoding=\"async\" width=\"300\" height=\"193\" src=\"https:\/\/iiccopenaghen.esteri.it\/wp-content\/uploads\/2026\/02\/Theatre-workshop-The-body-this-stranger-2-300x193.png\" srcset=\"https:\/\/iiccopenaghen.esteri.it\/wp-content\/uploads\/2026\/02\/Theatre-workshop-The-body-this-stranger-2.png 800w, https:\/\/iiccopenaghen.esteri.it\/wp-content\/uploads\/2026\/02\/Theatre-workshop-The-body-this-stranger-2-300x193.png 300w, https:\/\/iiccopenaghen.esteri.it\/wp-content\/uploads\/2026\/02\/Theatre-workshop-The-body-this-stranger-2-768x493.png 768w\" sizes=\"auto, (max-width: 800px) 100vw, 800px\"  title=\"Theatre workshop The body, this stranger (2)\" alt=\"\" class=\"img-fluid\">\n                                                                                    <\/a>\n                                    <\/figure>\n                                <\/div>\n                            <\/div>\n                            <div class=\"col-sm-9\">\n                                                            <div class=\"category-top\">\n                                    <span class=\"fw-bold text-danger\">Afsluttet<\/span>                                                                        <span class=\"data\">\n                                        <svg class=\"icon icon-secondary\">\n                                            <use xlink:href=\"https:\/\/iiccopenaghen.esteri.it\/wp-content\/themes\/sedi-tema\/assets\/svg\/sprites.svg#it-calendar\"><\/use>\n                                        <\/svg> fre mar 13 2026                                    <\/span>\n                                                                    <\/div>\n                            <h5 class=\"card-title big-heading text-uppercase\"><a class=\"text-body text-decoration-none\" href=\"https:\/\/iiccopenaghen.esteri.it\/da\/gli_eventi\/calendario\/il-corpo-questo-sconosciuto\/\" title=\"Workshop: \u2018The body, this stranger\u2019\">Workshop: \u2018The body, this stranger\u2019<\/a><\/h5>\n                            <p class=\"card-text\">In this workshop actor Mario Pirovano presents the numerous possibilities of being able to create theatre using only the \u201ccostume\u201d of one&#039;s own body.<\/p>\n                                <a title=\"Workshop: \u2018The body, this stranger\u2019\" class=\"read-more\" href=\"https:\/\/iiccopenaghen.esteri.it\/da\/gli_eventi\/calendario\/il-corpo-questo-sconosciuto\/\">\n                                    <span class=\"text\">L\u00e6s mere<\/span>\n                                    <svg class=\"icon\">\n                                    <use xlink:href=\"https:\/\/iiccopenaghen.esteri.it\/wp-content\/themes\/sedi-tema\/assets\/svg\/sprites.svg#it-arrow-right\"><\/use>\n                                    <\/svg>\n                                <\/a>\n                                                        <\/div>\n                                                    <\/div>\n                    <\/div>\n                <\/div>\n                <!--end card-->\n                <\/div><!-- col-12 .mt-3-->\n                            <div class=\"col-12 mt-3\">\n                <!--start card-->\n                <div class=\"card-wrapper card-space\">\n                    <div class=\"card card-bg card-big border-bottom-card\">\n                        <div class=\"card-body row\">\n                                                    <div class=\"col-sm-3\">\n                                <div class=\"img-responsive\">\n                                    <figure class=\"img-wrapper\">\n                                        <a href=\"https:\/\/iiccopenaghen.esteri.it\/da\/gli_eventi\/calendario\/il-100-anniversario-della-nascita-di-dario-fo-celebrato-allhofteatret-di-copenaghen\/\" title=\"L\u00e6s artiklen: 100-\u00e5ret for Dario Fos f\u00f8dsel fejres i Hofteatret torsdag 12. marts\">\n                                                                                            <img loading=\"lazy\" decoding=\"async\" width=\"300\" height=\"252\" src=\"https:\/\/iiccopenaghen.esteri.it\/wp-content\/uploads\/2026\/03\/MISTERO-BUFFO-web-300x252.png\" srcset=\"https:\/\/iiccopenaghen.esteri.it\/wp-content\/uploads\/2026\/03\/MISTERO-BUFFO-web.png 939w, https:\/\/iiccopenaghen.esteri.it\/wp-content\/uploads\/2026\/03\/MISTERO-BUFFO-web-300x252.png 300w, https:\/\/iiccopenaghen.esteri.it\/wp-content\/uploads\/2026\/03\/MISTERO-BUFFO-web-768x644.png 768w\" sizes=\"auto, (max-width: 939px) 100vw, 939px\"  title=\"MISTERO BUFFO web\" alt=\"\" class=\"img-fluid\">\n                                                                                    <\/a>\n                                    <\/figure>\n                                <\/div>\n                            <\/div>\n                            <div class=\"col-sm-9\">\n                                                            <div class=\"category-top\">\n                                    <span class=\"fw-bold text-danger\">Afsluttet<\/span>                                                                        <span class=\"data\">\n                                        <svg class=\"icon icon-secondary\">\n                                            <use xlink:href=\"https:\/\/iiccopenaghen.esteri.it\/wp-content\/themes\/sedi-tema\/assets\/svg\/sprites.svg#it-calendar\"><\/use>\n                                        <\/svg> tors mar 12 2026                                    <\/span>\n                                                                    <\/div>\n                            <h5 class=\"card-title big-heading text-uppercase\"><a class=\"text-body text-decoration-none\" href=\"https:\/\/iiccopenaghen.esteri.it\/da\/gli_eventi\/calendario\/il-100-anniversario-della-nascita-di-dario-fo-celebrato-allhofteatret-di-copenaghen\/\" title=\"100-\u00e5ret for Dario Fos f\u00f8dsel fejres i Hofteatret torsdag 12. marts\">100-\u00e5ret for Dario Fos f\u00f8dsel fejres i Hofteatret torsdag 12. marts<\/a><\/h5>\n                            <p class=\"card-text\">I anledning af 100\u00e5ret for Dario Fos f\u00f8dsel er Det Italienske Kulturinstitut og Teatermuseet i Hofteatret g\u00e5et sammen for at pr\u00e6sentere en forestilling for et inviteret publikum torsdag 12. marts med Fos elev Mario Pirovano p\u00e5 Hofteatrets nyrestaurerede scene.<\/p>\n                                <a title=\"100-\u00e5ret for Dario Fos f\u00f8dsel fejres i Hofteatret torsdag 12. marts\" class=\"read-more\" href=\"https:\/\/iiccopenaghen.esteri.it\/da\/gli_eventi\/calendario\/il-100-anniversario-della-nascita-di-dario-fo-celebrato-allhofteatret-di-copenaghen\/\">\n                                    <span class=\"text\">L\u00e6s mere<\/span>\n                                    <svg class=\"icon\">\n                                    <use xlink:href=\"https:\/\/iiccopenaghen.esteri.it\/wp-content\/themes\/sedi-tema\/assets\/svg\/sprites.svg#it-arrow-right\"><\/use>\n                                    <\/svg>\n                                <\/a>\n                                                        <\/div>\n                                                    <\/div>\n                    <\/div>\n                <\/div>\n                <!--end card-->\n                <\/div><!-- col-12 .mt-3-->\n            \n            <div class=\"col-md-12 mt-4 pb-4\">\n                <nav class=\"navigation col-md-12\" aria-label=\"Navigation\">\n                    <h2 class=\"screen-reader-text visually-hidden\">Sideinddeling<\/h2>\n                    <div class=\"nav-links\">\n                    <span aria-current=\"page\" class=\"page-numbers current\">1<\/span>\n<a class=\"page-numbers\" href=\"https:\/\/iiccopenaghen.esteri.it\/da\/wp-json\/wp\/v2\/pages\/4059\/?pag=2\">2<\/a>\n<a class=\"page-numbers\" href=\"https:\/\/iiccopenaghen.esteri.it\/da\/wp-json\/wp\/v2\/pages\/4059\/?pag=3\">3<\/a>\n<span class=\"page-numbers dots\">&hellip;<\/span>\n<a class=\"page-numbers\" href=\"https:\/\/iiccopenaghen.esteri.it\/da\/wp-json\/wp\/v2\/pages\/4059\/?pag=81\">81<\/a>\n<a class=\"next page-numbers\" href=\"https:\/\/iiccopenaghen.esteri.it\/da\/wp-json\/wp\/v2\/pages\/4059\/?pag=2\"><svg class=\"icon icon-primary\"><use xlink:href=\"https:\/\/iiccopenaghen.esteri.it\/wp-content\/themes\/sedi-tema\/assets\/svg\/sprites.svg#it-chevron-right\"><\/use><\/svg>\n                                    <span class=\"visually-hidden\">N\u00e6ste side<\/span><\/a>                    <\/div>\n                <\/nav>\n            <\/div>   <!--.col-md-12 -->\n              <\/div><!--.row -->\n              \n<p>&nbsp;<\/p>\n","protected":false},"excerpt":{"rendered":"&nbsp;","protected":false},"author":1,"featured_media":0,"parent":85,"menu_order":0,"comment_status":"closed","ping_status":"closed","template":"","meta":{"footnotes":""},"class_list":["post-4059","page","type-page","status-publish","hentry"],"_links":{"self":[{"href":"https:\/\/iiccopenaghen.esteri.it\/da\/wp-json\/wp\/v2\/pages\/4059","targetHints":{"allow":["GET"]}}],"collection":[{"href":"https:\/\/iiccopenaghen.esteri.it\/da\/wp-json\/wp\/v2\/pages"}],"about":[{"href":"https:\/\/iiccopenaghen.esteri.it\/da\/wp-json\/wp\/v2\/types\/page"}],"author":[{"embeddable":true,"href":"https:\/\/iiccopenaghen.esteri.it\/da\/wp-json\/wp\/v2\/users\/1"}],"replies":[{"embeddable":true,"href":"https:\/\/iiccopenaghen.esteri.it\/da\/wp-json\/wp\/v2\/comments?post=4059"}],"version-history":[{"count":1,"href":"https:\/\/iiccopenaghen.esteri.it\/da\/wp-json\/wp\/v2\/pages\/4059\/revisions"}],"predecessor-version":[{"id":4948,"href":"https:\/\/iiccopenaghen.esteri.it\/da\/wp-json\/wp\/v2\/pages\/4059\/revisions\/4948"}],"up":[{"embeddable":true,"href":"https:\/\/iiccopenaghen.esteri.it\/da\/wp-json\/wp\/v2\/pages\/85"}],"wp:attachment":[{"href":"https:\/\/iiccopenaghen.esteri.it\/da\/wp-json\/wp\/v2\/media?parent=4059"}],"curies":[{"name":"wp","href":"https:\/\/api.w.org\/{rel}","templated":true}]}}